{"nbFiches":7,"dataPrest":{"infoPrest":{"pave1":{"libelle":"Descriptif","contenu":"Ristorante e snack davanti alle piste"},"pave2":{"libelle":"URL de la r\u00e9servation ou vente en ligne","contenu":""},"pave3":{"libelle":"Descriptif court","contenu":""},"pave4":{"libelle":"Descriptif d\u00e9taill\u00e9","contenu":""},"pave5":{"libelle":"Bons plans","contenu":""},"pave6":{"libelle":"Compl\u00e9ment localisation","contenu":""},"pave7":{"libelle":"Compl\u00e9ment accueil","contenu":""},"pave8":{"libelle":"P\u00e9riodes en clair","contenu":"Dal 13\/12\/2025 al 22\/03\/2026 ogni giorno dalle 9 alle 23.\u003Cbr \/\u003E\n\u003Cbr \/\u003E\nDal 24\/07 al 30\/08\/2026 ogni giorno dalle 9 alle 23."},"pave9":{"libelle":"Tarifs en clair","contenu":""},"pave10":{"libelle":"Compl\u00e9ment Tarifs","contenu":""},"pave11":{"libelle":"Compl\u00e9ment R\u00e9servation","contenu":""},"pave12":{"libelle":"Descriptif court","contenu":""},"pave13":{"libelle":"Descriptif d\u00e9taill\u00e9","contenu":""},"pave14":{"libelle":"Bons plans","contenu":""},"pave15":{"libelle":"Tarifs (Tarifs en clair, Compl\u00e9ment Tarifs)","contenu":""},"pave16":{"libelle":"P\u00e9riodes en clair","contenu":""},"pave17":{"libelle":"Descriptif court","contenu":""},"pave18":{"libelle":"Descriptif d\u00e9taill\u00e9","contenu":""},"pave19":{"libelle":"Bons plans","contenu":""},"pave20":{"libelle":"Tarifs (Tarifs en clair, Compl\u00e9ment Tarifs)","contenu":""},"pave21":{"libelle":"P\u00e9riodes en clair","contenu":""},"pave22":{"libelle":"Dispositions sp\u00e9ciales","contenu":""},"pave23":{"libelle":"Nouveaut\u00e9s","contenu":""},"pave24":{"libelle":"Gestes pour l'environnement","contenu":""},"pave25":{"libelle":"","contenu":""},"ContactsParType":{"":{"117914":{"id_contact":"117914","type_contact":"","categorie_contact":"PRESTATAIRE","societe_contact":"","fonction_contact":"","civilite_nom_prenom_contact":"M GUEZ St\u00e9phane ","adresse1_contact":"","adresse2_contact":"","adresse3_contact":"","cpostal_contact":"","ville_contact":"","teldom_contact":"","telbur_contact":"","fax_contact":"","portable_contact":"","email_contact":"","siteweb_contact":"","commentaire_contact":"","langue_contact":"","autre_moyen_com":[]}}},"ZoneGeoLibelle":"Val d\u2019Allos \u2013 La Foux","Libelle":"Ristorante T\u00eate Noire","Nom":"Restaurant Brasserie T\u00eate Noire","Prenom":"","NomPrenom":"Restaurant Brasserie T\u00eate Noire ","CiviliteNomPrenom":"Restaurant Brasserie T\u00eate Noire ","Cle":"T|634213","PrestataireParent":"","ContexteStat":"PRESTATAIRE-T-634213","DateModificationIso":"2026-03-30T00:11:00+02:00","Type":"PRESTATAIRE","TypePrestataire":"T","Adresse":{"LigneAdresse1":"quartier Marin Pascal Les Etoiles","LigneAdresse2":"Face \u00e0 la luge Verdon Express","LigneAdresse3":"Val d'Allos - La Foux","CodePostal":"04260","Ville":"La Foux d\u2019Allos","Cedex":"","Etat":"","Pays":"FRA"},"Email":"tetenoireallos@gmail.com","Telephone":"04 92 83 12 15","TelephoneBureau":"","Portable":"","SiteWeb":"","Fax":"","Id":"t-634213","Code":"T|634213","Fichier":{"Image":[{"url":"https:\/\/www.valdallos.com\/medias\/images\/prestataires\/138367-tete_noire_s_guez_1.jpg","chemin":"..\/medias\/images\/prestataires\/138367-tete_noire_s_guez_1.jpg","libelle":"Terrasse ensoleill\u00e9e du restaurant, tables et chaises, acc\u00e8s aux pistes enneig\u00e9es, t\u00e9l\u00e9si\u00e8ge \u00e0 proximit\u00e9","extension":"jpg","categorie":"","largeur":1200,"theme":"HIVER","hauteur":900,"type":"Image","origine":"","liaisonPave":"","langue":"","id":"138367","urlVignette":"https:\/\/www.valdallos.com\/medias\/images\/prestataires\/v-138367-tete_noire_s_guez_1.jpg","alt":"Terrasse ensoleill\u00e9e du restaurant, tables et chaises, acc\u00e8s aux pistes enneig\u00e9es, t\u00e9l\u00e9si\u00e8ge \u00e0 proximit\u00e9","title":"Terrasse ensoleill\u00e9e du restaurant, tables et chaises, acc\u00e8s aux pistes enneig\u00e9es, t\u00e9l\u00e9si\u00e8ge \u00e0 proximit\u00e9","MultiTaille":{"1920x1440":{"url":"https:\/\/www.valdallos.com\/medias\/images\/prestataires\/multitailles\/1920x1440_138367-tete_noire_s_guez_1.jpg"},"1200x900":{"url":"https:\/\/www.valdallos.com\/medias\/images\/prestataires\/multitailles\/1200x900_138367-tete_noire_s_guez_1.jpg"},"800x600":{"url":"https:\/\/www.valdallos.com\/medias\/images\/prestataires\/multitailles\/800x600_138367-tete_noire_s_guez_1.jpg"},"640x480":{"url":"https:\/\/www.valdallos.com\/medias\/images\/prestataires\/multitailles\/640x480_138367-tete_noire_s_guez_1.jpg"},"320x240":{"url":"https:\/\/www.valdallos.com\/medias\/images\/prestataires\/multitailles\/320x240_138367-tete_noire_s_guez_1.jpg"},"160x120":{"url":"https:\/\/www.valdallos.com\/medias\/images\/prestataires\/multitailles\/160x120_138367-tete_noire_s_guez_1.jpg"},"origine":{"url":"https:\/\/www.valdallos.com\/medias\/images\/prestataires\/138367-tete_noire_s_guez_1.jpg"}},"urlLien":"","typeLien":"","nofollow":"N","copyright":"S Guez"},{"url":"https:\/\/www.valdallos.com\/medias\/images\/prestataires\/138368-tete_noire_s_guez_2.jpg","chemin":"..\/medias\/images\/prestataires\/138368-tete_noire_s_guez_2.jpg","libelle":"Salle int\u00e9rieure du restaurant, ambiance confortable avec tables et chaises en bois, sol carrel\u00e9, po\u00eale \u00e0 bois","extension":"jpg","categorie":"","largeur":900,"theme":"HIVER","hauteur":1200,"type":"Image","origine":"","liaisonPave":"","langue":"","id":"138368","urlVignette":"https:\/\/www.valdallos.com\/medias\/images\/prestataires\/v-138368-tete_noire_s_guez_2.jpg","alt":"Salle int\u00e9rieure du restaurant, ambiance confortable avec tables et chaises en bois, sol carrel\u00e9, po\u00eale \u00e0 bois","title":"Salle int\u00e9rieure du restaurant, ambiance confortable avec tables et chaises en bois, sol carrel\u00e9, po\u00eale \u00e0 bois","MultiTaille":{"1920x1440":{"url":"https:\/\/www.valdallos.com\/medias\/images\/prestataires\/multitailles\/1920x1440_138368-tete_noire_s_guez_2.jpg"},"1200x900":{"url":"https:\/\/www.valdallos.com\/medias\/images\/prestataires\/multitailles\/1200x900_138368-tete_noire_s_guez_2.jpg"},"800x600":{"url":"https:\/\/www.valdallos.com\/medias\/images\/prestataires\/multitailles\/800x600_138368-tete_noire_s_guez_2.jpg"},"640x480":{"url":"https:\/\/www.valdallos.com\/medias\/images\/prestataires\/multitailles\/640x480_138368-tete_noire_s_guez_2.jpg"},"320x240":{"url":"https:\/\/www.valdallos.com\/medias\/images\/prestataires\/multitailles\/320x240_138368-tete_noire_s_guez_2.jpg"},"160x120":{"url":"https:\/\/www.valdallos.com\/medias\/images\/prestataires\/multitailles\/160x120_138368-tete_noire_s_guez_2.jpg"},"origine":{"url":"https:\/\/www.valdallos.com\/medias\/images\/prestataires\/138368-tete_noire_s_guez_2.jpg"}},"urlLien":"","typeLien":"","nofollow":"N","copyright":"S Guez"},{"url":"https:\/\/www.valdallos.com\/medias\/images\/prestataires\/138369-tete_noire_s_guez_3.jpg","chemin":"..\/medias\/images\/prestataires\/138369-tete_noire_s_guez_3.jpg","libelle":"Terrasse ensoleill\u00e9e du restaurant, tables et chaises, acc\u00e8s aux pistes enneig\u00e9es, t\u00e9l\u00e9si\u00e8ge \u00e0 proximit\u00e9","extension":"jpg","categorie":"","largeur":900,"theme":"HIVER","hauteur":1200,"type":"Image","origine":"","liaisonPave":"","langue":"","id":"138369","urlVignette":"https:\/\/www.valdallos.com\/medias\/images\/prestataires\/v-138369-tete_noire_s_guez_3.jpg","alt":"Terrasse ensoleill\u00e9e du restaurant, tables et chaises, acc\u00e8s aux pistes enneig\u00e9es, t\u00e9l\u00e9si\u00e8ge \u00e0 proximit\u00e9","title":"Terrasse ensoleill\u00e9e du restaurant, tables et chaises, acc\u00e8s aux pistes enneig\u00e9es, t\u00e9l\u00e9si\u00e8ge \u00e0 proximit\u00e9","MultiTaille":{"1920x1440":{"url":"https:\/\/www.valdallos.com\/medias\/images\/prestataires\/multitailles\/1920x1440_138369-tete_noire_s_guez_3.jpg"},"1200x900":{"url":"https:\/\/www.valdallos.com\/medias\/images\/prestataires\/multitailles\/1200x900_138369-tete_noire_s_guez_3.jpg"},"800x600":{"url":"https:\/\/www.valdallos.com\/medias\/images\/prestataires\/multitailles\/800x600_138369-tete_noire_s_guez_3.jpg"},"640x480":{"url":"https:\/\/www.valdallos.com\/medias\/images\/prestataires\/multitailles\/640x480_138369-tete_noire_s_guez_3.jpg"},"320x240":{"url":"https:\/\/www.valdallos.com\/medias\/images\/prestataires\/multitailles\/320x240_138369-tete_noire_s_guez_3.jpg"},"160x120":{"url":"https:\/\/www.valdallos.com\/medias\/images\/prestataires\/multitailles\/160x120_138369-tete_noire_s_guez_3.jpg"},"origine":{"url":"https:\/\/www.valdallos.com\/medias\/images\/prestataires\/138369-tete_noire_s_guez_3.jpg"}},"urlLien":"","typeLien":"","nofollow":"N","copyright":"S Guez"},{"url":"https:\/\/www.valdallos.com\/medias\/images\/prestataires\/138370-tete_noire_s_guez_4.jpg","chemin":"..\/medias\/images\/prestataires\/138370-tete_noire_s_guez_4.jpg","libelle":"Vue des pistes de ski et des montagnes depuis la terrasse ensoleill\u00e9e de l'\u00e9tablissement, t\u00e9l\u00e9si\u00e8ge \u00e0 proximit\u00e9","extension":"jpg","categorie":"","largeur":900,"theme":"HIVER","hauteur":1200,"type":"Image","origine":"","liaisonPave":"","langue":"","id":"138370","urlVignette":"https:\/\/www.valdallos.com\/medias\/images\/prestataires\/v-138370-tete_noire_s_guez_4.jpg","alt":"Vue des pistes de ski et des montagnes depuis la terrasse ensoleill\u00e9e de l'\u00e9tablissement, t\u00e9l\u00e9si\u00e8ge \u00e0 proximit\u00e9","title":"Vue des pistes de ski et des montagnes depuis la terrasse ensoleill\u00e9e de l'\u00e9tablissement, t\u00e9l\u00e9si\u00e8ge \u00e0 proximit\u00e9","MultiTaille":{"1920x1440":{"url":"https:\/\/www.valdallos.com\/medias\/images\/prestataires\/multitailles\/1920x1440_138370-tete_noire_s_guez_4.jpg"},"1200x900":{"url":"https:\/\/www.valdallos.com\/medias\/images\/prestataires\/multitailles\/1200x900_138370-tete_noire_s_guez_4.jpg"},"800x600":{"url":"https:\/\/www.valdallos.com\/medias\/images\/prestataires\/multitailles\/800x600_138370-tete_noire_s_guez_4.jpg"},"640x480":{"url":"https:\/\/www.valdallos.com\/medias\/images\/prestataires\/multitailles\/640x480_138370-tete_noire_s_guez_4.jpg"},"320x240":{"url":"https:\/\/www.valdallos.com\/medias\/images\/prestataires\/multitailles\/320x240_138370-tete_noire_s_guez_4.jpg"},"160x120":{"url":"https:\/\/www.valdallos.com\/medias\/images\/prestataires\/multitailles\/160x120_138370-tete_noire_s_guez_4.jpg"},"origine":{"url":"https:\/\/www.valdallos.com\/medias\/images\/prestataires\/138370-tete_noire_s_guez_4.jpg"}},"urlLien":"","typeLien":"","nofollow":"N","copyright":"S Guez"},{"url":"https:\/\/www.valdallos.com\/medias\/images\/prestataires\/138371-tete_noire_2_s_guez.jpg","chemin":"..\/medias\/images\/prestataires\/138371-tete_noire_2_s_guez.jpg","libelle":"Terrasse de l'\u00e9tablissement en \u00e9t\u00e9, tables, chaises, parasols, chaises longues, au milieu de la station et de v\u00e9g\u00e9tation","extension":"jpg","categorie":"","largeur":4032,"theme":"ETE","hauteur":3024,"type":"Image","origine":"","liaisonPave":"","langue":"","id":"138371","urlVignette":"https:\/\/www.valdallos.com\/medias\/images\/prestataires\/v-138371-tete_noire_2_s_guez.jpg","alt":"Terrasse de l'\u00e9tablissement en \u00e9t\u00e9, tables, chaises, parasols, chaises longues, au milieu de la station et de v\u00e9g\u00e9tation","title":"Terrasse de l'\u00e9tablissement en \u00e9t\u00e9, tables, chaises, parasols, chaises longues, au milieu de la station et de v\u00e9g\u00e9tation","MultiTaille":{"1920x1440":{"url":"https:\/\/www.valdallos.com\/medias\/images\/prestataires\/multitailles\/1920x1440_138371-tete_noire_2_s_guez.jpg"},"1200x900":{"url":"https:\/\/www.valdallos.com\/medias\/images\/prestataires\/multitailles\/1200x900_138371-tete_noire_2_s_guez.jpg"},"800x600":{"url":"https:\/\/www.valdallos.com\/medias\/images\/prestataires\/multitailles\/800x600_138371-tete_noire_2_s_guez.jpg"},"640x480":{"url":"https:\/\/www.valdallos.com\/medias\/images\/prestataires\/multitailles\/640x480_138371-tete_noire_2_s_guez.jpg"},"320x240":{"url":"https:\/\/www.valdallos.com\/medias\/images\/prestataires\/multitailles\/320x240_138371-tete_noire_2_s_guez.jpg"},"160x120":{"url":"https:\/\/www.valdallos.com\/medias\/images\/prestataires\/multitailles\/160x120_138371-tete_noire_2_s_guez.jpg"},"origine":{"url":"https:\/\/www.valdallos.com\/medias\/images\/prestataires\/138371-tete_noire_2_s_guez.jpg"}},"urlLien":"","typeLien":"","nofollow":"N","copyright":"S Guez"}],"ByCategorie":{"":[{"url":"https:\/\/www.valdallos.com\/medias\/images\/prestataires\/138367-tete_noire_s_guez_1.jpg","chemin":"..\/medias\/images\/prestataires\/138367-tete_noire_s_guez_1.jpg","libelle":"Terrasse ensoleill\u00e9e du restaurant, tables et chaises, acc\u00e8s aux pistes enneig\u00e9es, t\u00e9l\u00e9si\u00e8ge \u00e0 proximit\u00e9","extension":"jpg","categorie":"","largeur":1200,"theme":"HIVER","hauteur":900,"type":"Image","origine":"","liaisonPave":"","langue":"","id":"138367","urlVignette":"https:\/\/www.valdallos.com\/medias\/images\/prestataires\/v-138367-tete_noire_s_guez_1.jpg","alt":"Terrasse ensoleill\u00e9e du restaurant, tables et chaises, acc\u00e8s aux pistes enneig\u00e9es, t\u00e9l\u00e9si\u00e8ge \u00e0 proximit\u00e9","title":"Terrasse ensoleill\u00e9e du restaurant, tables et chaises, acc\u00e8s aux pistes enneig\u00e9es, t\u00e9l\u00e9si\u00e8ge \u00e0 proximit\u00e9","MultiTaille":{"1920x1440":{"url":"https:\/\/www.valdallos.com\/medias\/images\/prestataires\/multitailles\/1920x1440_138367-tete_noire_s_guez_1.jpg"},"1200x900":{"url":"https:\/\/www.valdallos.com\/medias\/images\/prestataires\/multitailles\/1200x900_138367-tete_noire_s_guez_1.jpg"},"800x600":{"url":"https:\/\/www.valdallos.com\/medias\/images\/prestataires\/multitailles\/800x600_138367-tete_noire_s_guez_1.jpg"},"640x480":{"url":"https:\/\/www.valdallos.com\/medias\/images\/prestataires\/multitailles\/640x480_138367-tete_noire_s_guez_1.jpg"},"320x240":{"url":"https:\/\/www.valdallos.com\/medias\/images\/prestataires\/multitailles\/320x240_138367-tete_noire_s_guez_1.jpg"},"160x120":{"url":"https:\/\/www.valdallos.com\/medias\/images\/prestataires\/multitailles\/160x120_138367-tete_noire_s_guez_1.jpg"},"origine":{"url":"https:\/\/www.valdallos.com\/medias\/images\/prestataires\/138367-tete_noire_s_guez_1.jpg"}},"urlLien":"","typeLien":"","nofollow":"N","copyright":"S Guez"},{"url":"https:\/\/www.valdallos.com\/medias\/images\/prestataires\/138368-tete_noire_s_guez_2.jpg","chemin":"..\/medias\/images\/prestataires\/138368-tete_noire_s_guez_2.jpg","libelle":"Salle int\u00e9rieure du restaurant, ambiance confortable avec tables et chaises en bois, sol carrel\u00e9, po\u00eale \u00e0 bois","extension":"jpg","categorie":"","largeur":900,"theme":"HIVER","hauteur":1200,"type":"Image","origine":"","liaisonPave":"","langue":"","id":"138368","urlVignette":"https:\/\/www.valdallos.com\/medias\/images\/prestataires\/v-138368-tete_noire_s_guez_2.jpg","alt":"Salle int\u00e9rieure du restaurant, ambiance confortable avec tables et chaises en bois, sol carrel\u00e9, po\u00eale \u00e0 bois","title":"Salle int\u00e9rieure du restaurant, ambiance confortable avec tables et chaises en bois, sol carrel\u00e9, po\u00eale \u00e0 bois","MultiTaille":{"1920x1440":{"url":"https:\/\/www.valdallos.com\/medias\/images\/prestataires\/multitailles\/1920x1440_138368-tete_noire_s_guez_2.jpg"},"1200x900":{"url":"https:\/\/www.valdallos.com\/medias\/images\/prestataires\/multitailles\/1200x900_138368-tete_noire_s_guez_2.jpg"},"800x600":{"url":"https:\/\/www.valdallos.com\/medias\/images\/prestataires\/multitailles\/800x600_138368-tete_noire_s_guez_2.jpg"},"640x480":{"url":"https:\/\/www.valdallos.com\/medias\/images\/prestataires\/multitailles\/640x480_138368-tete_noire_s_guez_2.jpg"},"320x240":{"url":"https:\/\/www.valdallos.com\/medias\/images\/prestataires\/multitailles\/320x240_138368-tete_noire_s_guez_2.jpg"},"160x120":{"url":"https:\/\/www.valdallos.com\/medias\/images\/prestataires\/multitailles\/160x120_138368-tete_noire_s_guez_2.jpg"},"origine":{"url":"https:\/\/www.valdallos.com\/medias\/images\/prestataires\/138368-tete_noire_s_guez_2.jpg"}},"urlLien":"","typeLien":"","nofollow":"N","copyright":"S Guez"},{"url":"https:\/\/www.valdallos.com\/medias\/images\/prestataires\/138369-tete_noire_s_guez_3.jpg","chemin":"..\/medias\/images\/prestataires\/138369-tete_noire_s_guez_3.jpg","libelle":"Terrasse ensoleill\u00e9e du restaurant, tables et chaises, acc\u00e8s aux pistes enneig\u00e9es, t\u00e9l\u00e9si\u00e8ge \u00e0 proximit\u00e9","extension":"jpg","categorie":"","largeur":900,"theme":"HIVER","hauteur":1200,"type":"Image","origine":"","liaisonPave":"","langue":"","id":"138369","urlVignette":"https:\/\/www.valdallos.com\/medias\/images\/prestataires\/v-138369-tete_noire_s_guez_3.jpg","alt":"Terrasse ensoleill\u00e9e du restaurant, tables et chaises, acc\u00e8s aux pistes enneig\u00e9es, t\u00e9l\u00e9si\u00e8ge \u00e0 proximit\u00e9","title":"Terrasse ensoleill\u00e9e du restaurant, tables et chaises, acc\u00e8s aux pistes enneig\u00e9es, t\u00e9l\u00e9si\u00e8ge \u00e0 proximit\u00e9","MultiTaille":{"1920x1440":{"url":"https:\/\/www.valdallos.com\/medias\/images\/prestataires\/multitailles\/1920x1440_138369-tete_noire_s_guez_3.jpg"},"1200x900":{"url":"https:\/\/www.valdallos.com\/medias\/images\/prestataires\/multitailles\/1200x900_138369-tete_noire_s_guez_3.jpg"},"800x600":{"url":"https:\/\/www.valdallos.com\/medias\/images\/prestataires\/multitailles\/800x600_138369-tete_noire_s_guez_3.jpg"},"640x480":{"url":"https:\/\/www.valdallos.com\/medias\/images\/prestataires\/multitailles\/640x480_138369-tete_noire_s_guez_3.jpg"},"320x240":{"url":"https:\/\/www.valdallos.com\/medias\/images\/prestataires\/multitailles\/320x240_138369-tete_noire_s_guez_3.jpg"},"160x120":{"url":"https:\/\/www.valdallos.com\/medias\/images\/prestataires\/multitailles\/160x120_138369-tete_noire_s_guez_3.jpg"},"origine":{"url":"https:\/\/www.valdallos.com\/medias\/images\/prestataires\/138369-tete_noire_s_guez_3.jpg"}},"urlLien":"","typeLien":"","nofollow":"N","copyright":"S Guez"},{"url":"https:\/\/www.valdallos.com\/medias\/images\/prestataires\/138370-tete_noire_s_guez_4.jpg","chemin":"..\/medias\/images\/prestataires\/138370-tete_noire_s_guez_4.jpg","libelle":"Vue des pistes de ski et des montagnes depuis la terrasse ensoleill\u00e9e de l'\u00e9tablissement, t\u00e9l\u00e9si\u00e8ge \u00e0 proximit\u00e9","extension":"jpg","categorie":"","largeur":900,"theme":"HIVER","hauteur":1200,"type":"Image","origine":"","liaisonPave":"","langue":"","id":"138370","urlVignette":"https:\/\/www.valdallos.com\/medias\/images\/prestataires\/v-138370-tete_noire_s_guez_4.jpg","alt":"Vue des pistes de ski et des montagnes depuis la terrasse ensoleill\u00e9e de l'\u00e9tablissement, t\u00e9l\u00e9si\u00e8ge \u00e0 proximit\u00e9","title":"Vue des pistes de ski et des montagnes depuis la terrasse ensoleill\u00e9e de l'\u00e9tablissement, t\u00e9l\u00e9si\u00e8ge \u00e0 proximit\u00e9","MultiTaille":{"1920x1440":{"url":"https:\/\/www.valdallos.com\/medias\/images\/prestataires\/multitailles\/1920x1440_138370-tete_noire_s_guez_4.jpg"},"1200x900":{"url":"https:\/\/www.valdallos.com\/medias\/images\/prestataires\/multitailles\/1200x900_138370-tete_noire_s_guez_4.jpg"},"800x600":{"url":"https:\/\/www.valdallos.com\/medias\/images\/prestataires\/multitailles\/800x600_138370-tete_noire_s_guez_4.jpg"},"640x480":{"url":"https:\/\/www.valdallos.com\/medias\/images\/prestataires\/multitailles\/640x480_138370-tete_noire_s_guez_4.jpg"},"320x240":{"url":"https:\/\/www.valdallos.com\/medias\/images\/prestataires\/multitailles\/320x240_138370-tete_noire_s_guez_4.jpg"},"160x120":{"url":"https:\/\/www.valdallos.com\/medias\/images\/prestataires\/multitailles\/160x120_138370-tete_noire_s_guez_4.jpg"},"origine":{"url":"https:\/\/www.valdallos.com\/medias\/images\/prestataires\/138370-tete_noire_s_guez_4.jpg"}},"urlLien":"","typeLien":"","nofollow":"N","copyright":"S Guez"},{"url":"https:\/\/www.valdallos.com\/medias\/images\/prestataires\/138371-tete_noire_2_s_guez.jpg","chemin":"..\/medias\/images\/prestataires\/138371-tete_noire_2_s_guez.jpg","libelle":"Terrasse de l'\u00e9tablissement en \u00e9t\u00e9, tables, chaises, parasols, chaises longues, au milieu de la station et de v\u00e9g\u00e9tation","extension":"jpg","categorie":"","largeur":4032,"theme":"ETE","hauteur":3024,"type":"Image","origine":"","liaisonPave":"","langue":"","id":"138371","urlVignette":"https:\/\/www.valdallos.com\/medias\/images\/prestataires\/v-138371-tete_noire_2_s_guez.jpg","alt":"Terrasse de l'\u00e9tablissement en \u00e9t\u00e9, tables, chaises, parasols, chaises longues, au milieu de la station et de v\u00e9g\u00e9tation","title":"Terrasse de l'\u00e9tablissement en \u00e9t\u00e9, tables, chaises, parasols, chaises longues, au milieu de la station et de v\u00e9g\u00e9tation","MultiTaille":{"1920x1440":{"url":"https:\/\/www.valdallos.com\/medias\/images\/prestataires\/multitailles\/1920x1440_138371-tete_noire_2_s_guez.jpg"},"1200x900":{"url":"https:\/\/www.valdallos.com\/medias\/images\/prestataires\/multitailles\/1200x900_138371-tete_noire_2_s_guez.jpg"},"800x600":{"url":"https:\/\/www.valdallos.com\/medias\/images\/prestataires\/multitailles\/800x600_138371-tete_noire_2_s_guez.jpg"},"640x480":{"url":"https:\/\/www.valdallos.com\/medias\/images\/prestataires\/multitailles\/640x480_138371-tete_noire_2_s_guez.jpg"},"320x240":{"url":"https:\/\/www.valdallos.com\/medias\/images\/prestataires\/multitailles\/320x240_138371-tete_noire_2_s_guez.jpg"},"160x120":{"url":"https:\/\/www.valdallos.com\/medias\/images\/prestataires\/multitailles\/160x120_138371-tete_noire_2_s_guez.jpg"},"origine":{"url":"https:\/\/www.valdallos.com\/medias\/images\/prestataires\/138371-tete_noire_2_s_guez.jpg"}},"urlLien":"","typeLien":"","nofollow":"N","copyright":"S Guez"}]}},"Url":"ristorante-tete-noire.html","Localisation":{"GoogleMap":{"Latitude":"44.295828","Longitude":"6.570141"},"PlanStation":{"idPlan":"6","nomPlan":"[NEW] Plan La Foux","carte":"\/plan\/plan_station_2018[HIVER_FR[.jpg","PositionAbs":"1113","PositionOrd":"387"}},"ZoneGeo":"","Criteres":{"TINFADH[TFIN":"","TADHER[ROFFIC":"","ZONEGEO[FRPA04VAV1800":"","PUBLICATION[VALDALLOS":"","P.categories[SPECMONT":"","P.22[723":"","P.126[1321":"","P.services[687":"","P.prestations[animauxAcceptes":"","P.prestations[surchargeTourismesAdaptes":"","P.prestations[surchargeDescriptifHandicapMoteur":"","P.prestations[surchargeDescriptifHandicapAuditif":"","P.prestations[surchargeDescriptifHandicapVisuel":"","P.prestations[surchargeDescriptifHandicapMental":"","P.prestations[surchargeNombreFauteuilsRoulants":"","P.languesParlees[1192":"","P.languesParlees[1197":"","P.3650[3652":"","P.2[496":"","P.2[509":"","P.2[513":"","P.5[593":"","P.6528[169":"","P.environnements[171":"","P.environnements[193":"","P.environnements[3972":"","P.114[416":"","P.114[418":"","P.114[435":"","P.114[436":"","P.modesPaiement[1268":"","P.modesPaiement[1271":"","P.modesPaiement[1277":"","P.modesPaiement[1285":"","P.tourismeAffaires[tourismeAffairesEnabled":"","P.tourismeAffaires[devise":"EUR","P.restaurationType[2866":"","P.specialites[2983":"","P.specialites[2989":"","P.specialites[4109":"","P.categories[2883":"","P.categories[2887":"","P.capacite[nombreSalles":"2","P.capacite[nombreMaximumCouverts":"85","P.capacite[nombreCouvertsTerrasse":"150","P.CINTSITRA[5660":"","P.CINTSITRA[5663":"","P.CINTSITRA[5664":"","P.CINTSITRA[8809":"","P.6241[126905":"","P.6241[5740912":"","P.3218[311229":"","P.3220[587401":"","P.3220[5575332":"","P.3233[591419":"","P.3221[4876304":"","P.3219[5127066":"","P.3219[5127127":"","P.3219[5239406":"","P.3219[6436838":"","P.3240[5778284":"","P.6242[5843488":"","P.3230[6139211":"","P.VilleSitra[37282":"","P.VillageDeDepart[1559":"","P.VillageDeDepart[37282":""},"DateFinPublication":"","PrixAPartirDe":"","PrixPour":"","FicheListeEnCours":"fiche_liste_restaurants_OT_v2018","ParametresModele":{"AfficherPhotos":1,"NbPhotosMax":6,"AfficherReserver":0,"AfficherContact":"1","AfficherSalle":1,"AfficherZoneGeo":0,"AfficherEnSavoirPlus":"0","AfficherUneSeuleOuverture":0,"AfficherContactCarte":1,"AfficherTarifsChaudAPartirDe":0,"AfficherTarifChaudSansRecherche":0,"AffichageCoordonnees":"Telephone|TelephoneBureau|Portable","AfficherAvis":"0","AfficherAvisIngenie":"1","BlocCritereInfo":{"critere1":{"libelle":""},"critere2":{"libelle":""},"critere3":{"libelle":""},"critere4":{"libelle":""},"critere5":{"libelle":"","liste_critere":["P.113|1593|T","P.113|1680|T"]},"critere6":{"libelle":""},"critere7":{"libelle":"","liste_critere":["ZONEGEO|T"]},"critere8":{"libelle":""},"critere9":{"libelle":""},"afficherpictoetpaslibelle":"1"},"Criteres":"PUBLICATION[VALDALLOS","PositionBloc":"GALLERIE|NOM|ADRESSE|DESCRIPTIF|CRITERESORDONNEES|ZONEPRINCIPALFICHEPRESTA|AVIS|LIEN_RESERVER_DETAIL|DISPO|CARNET_VOYAGE|URL","TypePrestataire":"T","ComportementResa":false,"ComportementDispo":false},"AffichageCoordonnees":{"Telephone":"04 92 83 12 15"},"Coordonnees":{"Ville":"La Foux d\u2019Allos"},"ContexteId":"PRESTATAIRE|T|634213","ContexteIdHtml":"PRESTATAIRE-T-634213","cleContexte":"T|634213","Bloc":{"texte1":"","texte3":"","critere1":{"libelle":"","contenu":[]},"critere2":{"libelle":"","contenu":[]},"critere3":{"libelle":"","contenu":[]},"critere4":{"libelle":"","contenu":[]},"critere5":{"libelle":"","contenu":[]},"critere6":{"libelle":"","contenu":[]},"critere7":{"libelle":"","contenu":{"ZONEGEO":{"libelle":"Citt\u00e0","contenu":{"1":"Val d'Allos la Foux"},"codesValeurs":{"1":"ZONEGEO|FRPA04VAV1800|T"},"criteres_datas":{"valeurs":{"1":{"FRPA04VAV1800":{"descriptif":""}}}}}}},"critere8":{"libelle":"","contenu":[]},"critere9":{"libelle":"","contenu":[]}},"LocalisationGps":{"Latitude":"44.295828","Longitude":"6.570141"},"libelleDuPrestataire":"","listeCriteres":{"TINFADH":{"TFIN":""},"TADHER":{"ROFFIC":""},"ZONEGEO":{"FRPA04VAV1800":""},"PUBLICATION":{"VALDALLOS":""},"P.categories":{"SPECMONT":"","2883":"","2887":""},"P.22":{"723":""},"P.126":{"1321":""},"P.services":{"687":""},"P.prestations":{"animauxAcceptes":"","surchargeTourismesAdaptes":"","surchargeDescriptifHandicapMoteur":"","surchargeDescriptifHandicapAuditif":"","surchargeDescriptifHandicapVisuel":"","surchargeDescriptifHandicapMental":"","surchargeNombreFauteuilsRoulants":""},"P.languesParlees":{"1192":"","1197":""},"P.3650":{"3652":""},"P.2":{"496":"","509":"","513":""},"P.5":{"593":""},"P.6528":{"169":""},"P.environnements":{"171":"","193":"","3972":""},"P.114":{"416":"","418":"","435":"","436":""},"P.modesPaiement":{"1268":"","1271":"","1277":"","1285":""},"P.tourismeAffaires":{"tourismeAffairesEnabled":"","devise":"EUR"},"P.restaurationType":{"2866":""},"P.specialites":{"2983":"","2989":"","4109":""},"P.capacite":{"nombreSalles":"2","nombreMaximumCouverts":"85","nombreCouvertsTerrasse":"150"},"P.CINTSITRA":{"5660":"","5663":"","5664":"","8809":""},"P.6241":{"126905":"","5740912":""},"P.3218":{"311229":""},"P.3220":{"587401":"","5575332":""},"P.3233":{"591419":""},"P.3221":{"4876304":""},"P.3219":{"5127066":"","5127127":"","5239406":"","6436838":""},"P.3240":{"5778284":""},"P.6242":{"5843488":""},"P.3230":{"6139211":""},"P.VilleSitra":{"37282":""},"P.VillageDeDepart":{"1559":"","37282":""}},"dansCarnetVoyage":true,"Ouverture":""},"html":" \n \u003Cdiv id=\"CV-PRESTATAIRE-T-634213\" data-contexte-id=\"PRESTATAIRE|T|634213\" data-cle=\"T|634213\" class=\"fiche-liste\"\u003E\n    \n\n    \u003C!-- partie photo --\u003E\n    \u003Cdiv class=\"photo\"\u003E\t\t\t\t\t\t\t\t\t\t\t\t\t\t\t\t\t\t\t\t\t\n        \u003Cdiv class=\"cadre_photo_principale\"\u003E\t\t\n        \n            \t\t\t\t\t\n                    \u003Ca href=\"ristorante-tete-noire.html?origine=carnet#media\"\u003E\n                        \u003Cimg class=\"photo_principale\" alt=\"Terrasse ensoleill\u00e9e du restaurant, tables et chaises, acc\u00e8s aux pistes enneig\u00e9es, t\u00e9l\u00e9si\u00e8ge \u00e0 proximit\u00e9\" src=\"https:\/\/www.valdallos.com\/medias\/images\/prestataires\/multitailles\/320x240_138367-tete_noire_s_guez_1.jpg\" itemprop=\"image\"\u003E\n                    \u003C\/a\u003E\t\t\t\t\t\t\n                \n                    \u003C\/div\u003E\t\t\t\t\t\t\t\t\t\t\t\t\t\t\t\t\t\t\t \t\t\n    \u003C\/div\u003E\n    \n    \u003C!-- partie nom prest --\u003E\n    \u003Cdiv class=\"nom\"\u003E\n        \u003Ch2\u003ERistorante T\u00eate Noire\u003C\/h2\u003E\n        \n            \u003C\/div\u003E\n\n         \n    \u003C!-- partie adresse --\u003E\n    \u003Cdiv class=\"adresse\"\u003E\n    \n          \n    \u003C\/div\u003E\n    \n    \u003C!-- partie liens --\u003E\n    \u003Cdiv class=\"liens\"\u003E\n            \u003Ca class=\"btn-icon btn-view \" title=\"Vedi il file dettagliato\" href=\"ristorante-tete-noire.html?origine=carnet\"\u003E\u003C\/a\u003E\u003C!--\u003Ca class=\"btn-icon btn-view \" title=\"\" href=\"?origine=carnet#thaut\"\u003E\u003C\/a\u003E--\u003E\n      \u003Ca class=\"btn-icon btn-trash carnet_voyage_supprimer\" title=\"Elimina questo file dal mio diario di viaggio\" href=\"carnet-voyage?action=remove&fiche=T|634213\"\u003E\u003C\/a\u003E\n    \u003C\/div\u003E\n\n\u003C\/div\u003E\n\n","icon":"https:\/\/static.ingenie.fr\/images\/carnetVoyageV3\/T.png"},"fiche":"T|634213","popup":"\u003Cdiv id=\"bloc_popup_ajout_fiche_carnet\"\u003E\n    \u003Cdiv class=\"info_popup_ajout_fiche_carnet\"\u003E\n        Hai appena aggiunto questo elemento alla tua selezione:    \u003C\/div\u003E\n    \u003Cdiv class=\"prest_popup_ajout_fiche_carnet\"\u003E\n        Ristorante T&ecirc;te Noire    \u003C\/div\u003E\n    \u003Cdiv class=\"bloc_btn_ajout_fiche_carnet form_submit_div\"\u003E\n        \u003Cinput type=\"button\" value=\"Continua la mia selezione\" title=\"Continua la mia selezione\" name=\"btn_close\" class=\"btn_close_popup_carnet form_submit\" onclick=\"$.colorbox.close()\" \/\u003E\n        \u003Cinput type=\"button\" value=\"Visualizza la mia selezione\" title=\"Visualizza la mia selezione\" name=\"btn_panier\" class=\"btn_panier_popup_carnet form_submit\" onclick=\"if(typeof CarnetVoyage != 'undefined') {CarnetVoyage.voirCarnet();}\" \/\u003E\n    \u003C\/div\u003E\n    \u003Cdiv class=\"bloc_btn_ajout_fiche_carnet\"\u003E\n        \u003Cinput type=\"checkbox\" value=\"1\" name=\"desactiver_popup\" id=\"desactiver_popup\" \/\u003E\n        \u003Clabel for=\"desactiver_popup\"\u003ENon visualizzare pi\u00f9 questo messaggio\u003C\/label\u003E\n    \u003C\/div\u003E\n\u003C\/div\u003E","success":1}