{"nbFiches":1,"dataPrest":{"infoPrest":{"pave1":{"libelle":"Descriptif","contenu":"Ristorante sulle piste\u003Cbr \/\u003E\r\nSnack, sandwich..."},"pave2":{"libelle":"URL de la r\u00e9servation ou vente en ligne","contenu":""},"pave3":{"libelle":"Descriptif court","contenu":""},"pave4":{"libelle":"Descriptif d\u00e9taill\u00e9","contenu":""},"pave5":{"libelle":"Bons plans","contenu":""},"pave6":{"libelle":"Compl\u00e9ment localisation","contenu":""},"pave7":{"libelle":"Compl\u00e9ment accueil","contenu":""},"pave8":{"libelle":"P\u00e9riodes en clair","contenu":"Dal 13\/12\/2025 al 06\/04\/2026 ogni giorno dalle 9 alle 17."},"pave9":{"libelle":"Tarifs en clair","contenu":""},"pave10":{"libelle":"Compl\u00e9ment Tarifs","contenu":""},"pave11":{"libelle":"Compl\u00e9ment R\u00e9servation","contenu":""},"pave12":{"libelle":"Descriptif court","contenu":""},"pave13":{"libelle":"Descriptif d\u00e9taill\u00e9","contenu":""},"pave14":{"libelle":"Bons plans","contenu":""},"pave15":{"libelle":"Tarifs (Tarifs en clair, Compl\u00e9ment Tarifs)","contenu":""},"pave16":{"libelle":"P\u00e9riodes en clair","contenu":""},"pave17":{"libelle":"Descriptif court","contenu":""},"pave18":{"libelle":"Descriptif d\u00e9taill\u00e9","contenu":""},"pave19":{"libelle":"Bons plans","contenu":""},"pave20":{"libelle":"Tarifs (Tarifs en clair, Compl\u00e9ment Tarifs)","contenu":""},"pave21":{"libelle":"P\u00e9riodes en clair","contenu":""},"pave22":{"libelle":"Dispositions sp\u00e9ciales","contenu":""},"pave23":{"libelle":"Nouveaut\u00e9s","contenu":""},"pave24":{"libelle":"Gestes pour l'environnement","contenu":""},"pave25":{"libelle":"","contenu":""},"ContactsParType":{"":{"117338":{"id_contact":"117338","type_contact":"","categorie_contact":"PRESTATAIRE","societe_contact":"","fonction_contact":"","civilite_nom_prenom_contact":"M Zorgnotti Serge ","adresse1_contact":"","adresse2_contact":"","adresse3_contact":"","cpostal_contact":"","ville_contact":"","teldom_contact":"","telbur_contact":"","fax_contact":"","portable_contact":"","email_contact":"","siteweb_contact":"","commentaire_contact":"","langue_contact":"","autre_moyen_com":[]}}},"Libelle":"snack Altiplano Altitude","Nom":"Snack Altiplano Altitude","Prenom":"","NomPrenom":"Snack Altiplano Altitude ","CiviliteNomPrenom":"Snack Altiplano Altitude ","Cle":"T|634972","PrestataireParent":"","ContexteStat":"PRESTATAIRE-T-634972","DateModificationIso":"2026-03-13T08:45:00+01:00","Type":"PRESTATAIRE","TypePrestataire":"T","Adresse":{"LigneAdresse1":"le plateau","LigneAdresse2":"Val d'Allos - La Foux","LigneAdresse3":"","CodePostal":"04260","Ville":"La Foux d\u2019Allos","Cedex":"","Etat":"","Pays":"FRA"},"Email":"altiplano.altitude@gmail.com","Telephone":"","TelephoneBureau":"","Portable":"06 81 95 13 49","SiteWeb":"","Fax":"","Id":"t-634972","Code":"T|634972","Fichier":{"Image":[{"url":"https:\/\/www.valdallos.com\/medias\/images\/prestataires\/136898-altiplano2.jpg","chemin":"..\/medias\/images\/prestataires\/136898-altiplano2.jpg","libelle":"Vue de c\u00f4t\u00e9 du restaurant d'altitude, b\u00e2timent en bois, terrasse ext\u00e9rieure avec chaises longues le long des pistes enneig\u00e9es, panneau \"Altiplano - Altitude\". Montagnes en arri\u00e8re-plan","extension":"jpg","categorie":"","largeur":1038,"theme":"","hauteur":870,"type":"Image","origine":"","liaisonPave":"","langue":"","id":"136898","urlVignette":"https:\/\/www.valdallos.com\/medias\/images\/prestataires\/v-136898-altiplano2.jpg","alt":"Vue de c\u00f4t\u00e9 du restaurant d'altitude, b\u00e2timent en bois, terrasse ext\u00e9rieure avec chaises longues le long des pistes enneig\u00e9es, panneau \"Altiplano - Altitude\". Montagnes en arri\u00e8re-plan","title":"Vue de c\u00f4t\u00e9 du restaurant d'altitude, b\u00e2timent en bois, terrasse ext\u00e9rieure avec chaises longues le long des pistes enneig\u00e9es, panneau \"Altiplano - Altitude\". Montagnes en arri\u00e8re-plan","MultiTaille":{"1920x1440":{"url":"https:\/\/www.valdallos.com\/medias\/images\/prestataires\/multitailles\/1920x1440_136898-altiplano2.jpg"},"1200x900":{"url":"https:\/\/www.valdallos.com\/medias\/images\/prestataires\/multitailles\/1200x900_136898-altiplano2.jpg"},"800x600":{"url":"https:\/\/www.valdallos.com\/medias\/images\/prestataires\/multitailles\/800x600_136898-altiplano2.jpg"},"640x480":{"url":"https:\/\/www.valdallos.com\/medias\/images\/prestataires\/multitailles\/640x480_136898-altiplano2.jpg"},"320x240":{"url":"https:\/\/www.valdallos.com\/medias\/images\/prestataires\/multitailles\/320x240_136898-altiplano2.jpg"},"160x120":{"url":"https:\/\/www.valdallos.com\/medias\/images\/prestataires\/multitailles\/160x120_136898-altiplano2.jpg"},"origine":{"url":"https:\/\/www.valdallos.com\/medias\/images\/prestataires\/136898-altiplano2.jpg"}},"urlLien":"","typeLien":"","nofollow":"N","copyright":"S Zorgnotti"},{"url":"https:\/\/www.valdallos.com\/medias\/images\/prestataires\/136899-altiplano_3.jpg","chemin":"..\/medias\/images\/prestataires\/136899-altiplano_3.jpg","libelle":"Vue de face du restaurant d'altitude, b\u00e2timent en bois, terrasse ext\u00e9rieure avec chaises longues le long des pistes enneig\u00e9es, panneau \"Altiplano - Altitude\". Montagnes en arri\u00e8re-plan","extension":"jpg","categorie":"","largeur":1200,"theme":"","hauteur":675,"type":"Image","origine":"","liaisonPave":"","langue":"","id":"136899","urlVignette":"https:\/\/www.valdallos.com\/medias\/images\/prestataires\/v-136899-altiplano_3.jpg","alt":"Vue de face du restaurant d'altitude, b\u00e2timent en bois, terrasse ext\u00e9rieure avec chaises longues le long des pistes enneig\u00e9es, panneau \"Altiplano - Altitude\". Montagnes en arri\u00e8re-plan","title":"Vue de face du restaurant d'altitude, b\u00e2timent en bois, terrasse ext\u00e9rieure avec chaises longues le long des pistes enneig\u00e9es, panneau \"Altiplano - Altitude\". Montagnes en arri\u00e8re-plan","MultiTaille":{"1920x1440":{"url":"https:\/\/www.valdallos.com\/medias\/images\/prestataires\/multitailles\/1920x1440_136899-altiplano_3.jpg"},"1200x900":{"url":"https:\/\/www.valdallos.com\/medias\/images\/prestataires\/multitailles\/1200x900_136899-altiplano_3.jpg"},"800x600":{"url":"https:\/\/www.valdallos.com\/medias\/images\/prestataires\/multitailles\/800x600_136899-altiplano_3.jpg"},"640x480":{"url":"https:\/\/www.valdallos.com\/medias\/images\/prestataires\/multitailles\/640x480_136899-altiplano_3.jpg"},"320x240":{"url":"https:\/\/www.valdallos.com\/medias\/images\/prestataires\/multitailles\/320x240_136899-altiplano_3.jpg"},"160x120":{"url":"https:\/\/www.valdallos.com\/medias\/images\/prestataires\/multitailles\/160x120_136899-altiplano_3.jpg"},"origine":{"url":"https:\/\/www.valdallos.com\/medias\/images\/prestataires\/136899-altiplano_3.jpg"}},"urlLien":"","typeLien":"","nofollow":"N","copyright":"S Zorgnotti"}],"ByCategorie":{"":[{"url":"https:\/\/www.valdallos.com\/medias\/images\/prestataires\/136898-altiplano2.jpg","chemin":"..\/medias\/images\/prestataires\/136898-altiplano2.jpg","libelle":"Vue de c\u00f4t\u00e9 du restaurant d'altitude, b\u00e2timent en bois, terrasse ext\u00e9rieure avec chaises longues le long des pistes enneig\u00e9es, panneau \"Altiplano - Altitude\". Montagnes en arri\u00e8re-plan","extension":"jpg","categorie":"","largeur":1038,"theme":"","hauteur":870,"type":"Image","origine":"","liaisonPave":"","langue":"","id":"136898","urlVignette":"https:\/\/www.valdallos.com\/medias\/images\/prestataires\/v-136898-altiplano2.jpg","alt":"Vue de c\u00f4t\u00e9 du restaurant d'altitude, b\u00e2timent en bois, terrasse ext\u00e9rieure avec chaises longues le long des pistes enneig\u00e9es, panneau \"Altiplano - Altitude\". Montagnes en arri\u00e8re-plan","title":"Vue de c\u00f4t\u00e9 du restaurant d'altitude, b\u00e2timent en bois, terrasse ext\u00e9rieure avec chaises longues le long des pistes enneig\u00e9es, panneau \"Altiplano - Altitude\". Montagnes en arri\u00e8re-plan","MultiTaille":{"1920x1440":{"url":"https:\/\/www.valdallos.com\/medias\/images\/prestataires\/multitailles\/1920x1440_136898-altiplano2.jpg"},"1200x900":{"url":"https:\/\/www.valdallos.com\/medias\/images\/prestataires\/multitailles\/1200x900_136898-altiplano2.jpg"},"800x600":{"url":"https:\/\/www.valdallos.com\/medias\/images\/prestataires\/multitailles\/800x600_136898-altiplano2.jpg"},"640x480":{"url":"https:\/\/www.valdallos.com\/medias\/images\/prestataires\/multitailles\/640x480_136898-altiplano2.jpg"},"320x240":{"url":"https:\/\/www.valdallos.com\/medias\/images\/prestataires\/multitailles\/320x240_136898-altiplano2.jpg"},"160x120":{"url":"https:\/\/www.valdallos.com\/medias\/images\/prestataires\/multitailles\/160x120_136898-altiplano2.jpg"},"origine":{"url":"https:\/\/www.valdallos.com\/medias\/images\/prestataires\/136898-altiplano2.jpg"}},"urlLien":"","typeLien":"","nofollow":"N","copyright":"S Zorgnotti"},{"url":"https:\/\/www.valdallos.com\/medias\/images\/prestataires\/136899-altiplano_3.jpg","chemin":"..\/medias\/images\/prestataires\/136899-altiplano_3.jpg","libelle":"Vue de face du restaurant d'altitude, b\u00e2timent en bois, terrasse ext\u00e9rieure avec chaises longues le long des pistes enneig\u00e9es, panneau \"Altiplano - Altitude\". Montagnes en arri\u00e8re-plan","extension":"jpg","categorie":"","largeur":1200,"theme":"","hauteur":675,"type":"Image","origine":"","liaisonPave":"","langue":"","id":"136899","urlVignette":"https:\/\/www.valdallos.com\/medias\/images\/prestataires\/v-136899-altiplano_3.jpg","alt":"Vue de face du restaurant d'altitude, b\u00e2timent en bois, terrasse ext\u00e9rieure avec chaises longues le long des pistes enneig\u00e9es, panneau \"Altiplano - Altitude\". Montagnes en arri\u00e8re-plan","title":"Vue de face du restaurant d'altitude, b\u00e2timent en bois, terrasse ext\u00e9rieure avec chaises longues le long des pistes enneig\u00e9es, panneau \"Altiplano - Altitude\". Montagnes en arri\u00e8re-plan","MultiTaille":{"1920x1440":{"url":"https:\/\/www.valdallos.com\/medias\/images\/prestataires\/multitailles\/1920x1440_136899-altiplano_3.jpg"},"1200x900":{"url":"https:\/\/www.valdallos.com\/medias\/images\/prestataires\/multitailles\/1200x900_136899-altiplano_3.jpg"},"800x600":{"url":"https:\/\/www.valdallos.com\/medias\/images\/prestataires\/multitailles\/800x600_136899-altiplano_3.jpg"},"640x480":{"url":"https:\/\/www.valdallos.com\/medias\/images\/prestataires\/multitailles\/640x480_136899-altiplano_3.jpg"},"320x240":{"url":"https:\/\/www.valdallos.com\/medias\/images\/prestataires\/multitailles\/320x240_136899-altiplano_3.jpg"},"160x120":{"url":"https:\/\/www.valdallos.com\/medias\/images\/prestataires\/multitailles\/160x120_136899-altiplano_3.jpg"},"origine":{"url":"https:\/\/www.valdallos.com\/medias\/images\/prestataires\/136899-altiplano_3.jpg"}},"urlLien":"","typeLien":"","nofollow":"N","copyright":"S Zorgnotti"}]}},"Url":"l-altiplano.html","Localisation":{"GoogleMap":{"Latitude":"44.289516","Longitude":"6.561654"},"PlanStation":{"idPlan":"8","nomPlan":"[NEW] Plan des pistes Espace Lumi\u00e8re","carte":"\/plan\/plan_des_pistes_lumiere.jpg","PositionAbs":"233","PositionOrd":"240"}},"ZoneGeo":"","Criteres":{"TINFADH[TDEB":"20130528","TINFADH[TCOMM":"","TADHER[ROFFIC":"","ZONEGEO[FRPA04VAV1800":"","P.categories[CV":"","PUBLICATION[VALDALLOS":"","P.22[723":"","P.services[687":"","P.119[1177":"","P.119[1212":"","P.prestations[animauxAcceptes":"","P.prestations[surchargeTourismesAdaptes":"","P.prestations[surchargeDescriptifHandicapMoteur":"","P.prestations[surchargeDescriptifHandicapAuditif":"","P.prestations[surchargeDescriptifHandicapVisuel":"","P.prestations[surchargeDescriptifHandicapMental":"","P.prestations[surchargeNombreFauteuilsRoulants":"","P.languesParlees[1192":"","P.languesParlees[1197":"","P.tourismesAdaptes[3651":"","P.2[509":"","P.2[513":"","P.2[496":"","P.5[593":"","P.6528[169":"","P.environnements[171":"","P.environnements[193":"","P.environnements[3972":"","P.114[435":"","P.modesPaiement[1285":"","P.modesPaiement[1268":"","P.modesPaiement[1277":"","P.modesPaiement[1274":"","P.tourismeAffaires[tourismeAffairesEnabled":"","P.tourismeAffaires[devise":"EUR","P.restaurationType[2866":"","P.categories[2895":"","P.capacite[nombreMaximumCouverts":"48","P.capacite[nombreCouvertsTerrasse":"100","P.CINTSITRA[5660":"","P.CINTSITRA[5664":"","P.CINTSITRA[8809":"","P.6241[126905":"","P.6241[5740912":"","P.3218[311229":"","P.3220[587401":"","P.3220[5575332":"","P.3233[591419":"","P.3221[4876304":"","P.3219[5127066":"","P.3219[5127127":"","P.3219[5239406":"","P.3219[6436838":"","P.3240[5778284":"","P.6242[5843488":"","P.3230[6139211":"","P.VilleSitra[37282":"","P.VillageDeDepart[1559":"","P.VillageDeDepart[37282":""},"DateFinPublication":"","PrixAPartirDe":"","PrixPour":"","FicheListeEnCours":"fiche_liste_restaurants_OT_v2018","ParametresModele":{"AfficherPhotos":1,"NbPhotosMax":6,"AfficherReserver":0,"AfficherContact":"1","AfficherSalle":1,"AfficherZoneGeo":0,"AfficherEnSavoirPlus":"0","AfficherUneSeuleOuverture":0,"AfficherContactCarte":1,"AfficherTarifsChaudAPartirDe":0,"AfficherTarifChaudSansRecherche":0,"AffichageCoordonnees":"Telephone|TelephoneBureau|Portable","AfficherAvis":"0","AfficherAvisIngenie":"1","BlocCritereInfo":{"critere1":{"libelle":""},"critere2":{"libelle":""},"critere3":{"libelle":""},"critere4":{"libelle":""},"critere5":{"libelle":"","liste_critere":["P.113|1593|T","P.113|1680|T"]},"critere6":{"libelle":""},"critere7":{"libelle":"","liste_critere":["ZONEGEO|T"]},"critere8":{"libelle":""},"critere9":{"libelle":""},"afficherpictoetpaslibelle":"1"},"Criteres":"PUBLICATION[VALDALLOS","PositionBloc":"GALLERIE|NOM|ADRESSE|DESCRIPTIF|CRITERESORDONNEES|ZONEPRINCIPALFICHEPRESTA|AVIS|LIEN_RESERVER_DETAIL|DISPO|CARNET_VOYAGE|URL","TypePrestataire":"T","ComportementResa":false,"ComportementDispo":false},"AffichageCoordonnees":{"Portable":"06 81 95 13 49"},"Coordonnees":{"Ville":"La Foux d\u2019Allos"},"ContexteId":"PRESTATAIRE|T|634972","ContexteIdHtml":"PRESTATAIRE-T-634972","cleContexte":"T|634972","Bloc":{"texte1":"","texte3":"","critere1":{"libelle":"","contenu":[]},"critere2":{"libelle":"","contenu":[]},"critere3":{"libelle":"","contenu":[]},"critere4":{"libelle":"","contenu":[]},"critere5":{"libelle":"","contenu":[]},"critere6":{"libelle":"","contenu":[]},"critere7":{"libelle":"","contenu":{"ZONEGEO":{"libelle":"Citt\u00e0","contenu":{"1":"Val d'Allos la Foux"},"codesValeurs":{"1":"ZONEGEO|FRPA04VAV1800|T"},"criteres_datas":{"valeurs":{"1":{"FRPA04VAV1800":{"descriptif":""}}}}}}},"critere8":{"libelle":"","contenu":[]},"critere9":{"libelle":"","contenu":[]}},"LocalisationGps":{"Latitude":"44.289516","Longitude":"6.561654"},"libelleDuPrestataire":"","listeCriteres":{"TINFADH":{"TDEB":"20130528","TCOMM":""},"TADHER":{"ROFFIC":""},"ZONEGEO":{"FRPA04VAV1800":""},"P.categories":{"CV":"","2895":""},"PUBLICATION":{"VALDALLOS":""},"P.22":{"723":""},"P.services":{"687":""},"P.119":{"1177":"","1212":""},"P.prestations":{"animauxAcceptes":"","surchargeTourismesAdaptes":"","surchargeDescriptifHandicapMoteur":"","surchargeDescriptifHandicapAuditif":"","surchargeDescriptifHandicapVisuel":"","surchargeDescriptifHandicapMental":"","surchargeNombreFauteuilsRoulants":""},"P.languesParlees":{"1192":"","1197":""},"P.tourismesAdaptes":{"3651":""},"P.2":{"509":"","513":"","496":""},"P.5":{"593":""},"P.6528":{"169":""},"P.environnements":{"171":"","193":"","3972":""},"P.114":{"435":""},"P.modesPaiement":{"1285":"","1268":"","1277":"","1274":""},"P.tourismeAffaires":{"tourismeAffairesEnabled":"","devise":"EUR"},"P.restaurationType":{"2866":""},"P.capacite":{"nombreMaximumCouverts":"48","nombreCouvertsTerrasse":"100"},"P.CINTSITRA":{"5660":"","5664":"","8809":""},"P.6241":{"126905":"","5740912":""},"P.3218":{"311229":""},"P.3220":{"587401":"","5575332":""},"P.3233":{"591419":""},"P.3221":{"4876304":""},"P.3219":{"5127066":"","5127127":"","5239406":"","6436838":""},"P.3240":{"5778284":""},"P.6242":{"5843488":""},"P.3230":{"6139211":""},"P.VilleSitra":{"37282":""},"P.VillageDeDepart":{"1559":"","37282":""}},"dansCarnetVoyage":true,"Ouverture":""},"html":" \n \u003Cdiv id=\"CV-PRESTATAIRE-T-634972\" data-contexte-id=\"PRESTATAIRE|T|634972\" data-cle=\"T|634972\" class=\"fiche-liste\"\u003E\n    \n\n    \u003C!-- partie photo --\u003E\n    \u003Cdiv class=\"photo\"\u003E\t\t\t\t\t\t\t\t\t\t\t\t\t\t\t\t\t\t\t\t\t\n        \u003Cdiv class=\"cadre_photo_principale\"\u003E\t\t\n        \n            \t\t\t\t\t\n                    \u003Ca href=\"l-altiplano.html?origine=carnet#media\"\u003E\n                        \u003Cimg class=\"photo_principale\" alt=\"Vue de c\u00f4t\u00e9 du restaurant d'altitude, b\u00e2timent en bois, terrasse ext\u00e9rieure avec chaises longues le long des pistes enneig\u00e9es, panneau \"Altiplano - Altitude\". Montagnes en arri\u00e8re-plan\" src=\"https:\/\/www.valdallos.com\/medias\/images\/prestataires\/multitailles\/320x240_136898-altiplano2.jpg\" itemprop=\"image\"\u003E\n                    \u003C\/a\u003E\t\t\t\t\t\t\n                \n                    \u003C\/div\u003E\t\t\t\t\t\t\t\t\t\t\t\t\t\t\t\t\t\t\t \t\t\n    \u003C\/div\u003E\n    \n    \u003C!-- partie nom prest --\u003E\n    \u003Cdiv class=\"nom\"\u003E\n        \u003Ch2\u003Esnack Altiplano Altitude\u003C\/h2\u003E\n        \n            \u003C\/div\u003E\n\n         \n    \u003C!-- partie adresse --\u003E\n    \u003Cdiv class=\"adresse\"\u003E\n    \n          \n    \u003C\/div\u003E\n    \n    \u003C!-- partie liens --\u003E\n    \u003Cdiv class=\"liens\"\u003E\n            \u003Ca class=\"btn-icon btn-view \" title=\"Vedi il file dettagliato\" href=\"l-altiplano.html?origine=carnet\"\u003E\u003C\/a\u003E\u003C!--\u003Ca class=\"btn-icon btn-view \" title=\"\" href=\"?origine=carnet#thaut\"\u003E\u003C\/a\u003E--\u003E\n      \u003Ca class=\"btn-icon btn-trash carnet_voyage_supprimer\" title=\"Elimina questo file dal mio diario di viaggio\" href=\"carnet-voyage?action=remove&fiche=T|634972\"\u003E\u003C\/a\u003E\n    \u003C\/div\u003E\n\n\u003C\/div\u003E\n\n","icon":"https:\/\/static.ingenie.fr\/images\/carnetVoyageV3\/T.png"},"fiche":"T|634972","popup":"\u003Cdiv id=\"bloc_popup_ajout_fiche_carnet\"\u003E\n    \u003Cdiv class=\"info_popup_ajout_fiche_carnet\"\u003E\n        Hai appena aggiunto questo elemento alla tua selezione:    \u003C\/div\u003E\n    \u003Cdiv class=\"prest_popup_ajout_fiche_carnet\"\u003E\n        snack Altiplano Altitude    \u003C\/div\u003E\n    \u003Cdiv class=\"bloc_btn_ajout_fiche_carnet form_submit_div\"\u003E\n        \u003Cinput type=\"button\" value=\"Continua la mia selezione\" title=\"Continua la mia selezione\" name=\"btn_close\" class=\"btn_close_popup_carnet form_submit\" onclick=\"$.colorbox.close()\" \/\u003E\n        \u003Cinput type=\"button\" value=\"Visualizza la mia selezione\" title=\"Visualizza la mia selezione\" name=\"btn_panier\" class=\"btn_panier_popup_carnet form_submit\" onclick=\"if(typeof CarnetVoyage != 'undefined') {CarnetVoyage.voirCarnet();}\" \/\u003E\n    \u003C\/div\u003E\n    \u003Cdiv class=\"bloc_btn_ajout_fiche_carnet\"\u003E\n        \u003Cinput type=\"checkbox\" value=\"1\" name=\"desactiver_popup\" id=\"desactiver_popup\" \/\u003E\n        \u003Clabel for=\"desactiver_popup\"\u003ENon visualizzare pi\u00f9 questo messaggio\u003C\/label\u003E\n    \u003C\/div\u003E\n\u003C\/div\u003E","success":1}