{"nbFiches":1,"dataPrest":{"infoPrest":{"pave1":{"libelle":"Descriptif","contenu":"Snack e Sala da t\u00e8 \"Le coin du go\u00fbt\"\u003Cbr \/\u003E\r\n\u003Cbr \/\u003E\r\nSemplicemente fatto in casa"},"pave2":{"libelle":"URL de la r\u00e9servation ou vente en ligne","contenu":""},"pave3":{"libelle":"Descriptif court","contenu":""},"pave4":{"libelle":"Descriptif d\u00e9taill\u00e9","contenu":""},"pave5":{"libelle":"Bons plans","contenu":""},"pave6":{"libelle":"Compl\u00e9ment localisation","contenu":""},"pave7":{"libelle":"Compl\u00e9ment accueil","contenu":""},"pave8":{"libelle":"P\u00e9riodes en clair","contenu":"Tutto l'anno ogni giorno."},"pave9":{"libelle":"Tarifs en clair","contenu":""},"pave10":{"libelle":"Compl\u00e9ment Tarifs","contenu":""},"pave11":{"libelle":"Compl\u00e9ment R\u00e9servation","contenu":""},"pave12":{"libelle":"Descriptif court","contenu":""},"pave13":{"libelle":"Descriptif d\u00e9taill\u00e9","contenu":""},"pave14":{"libelle":"Bons plans","contenu":""},"pave15":{"libelle":"Tarifs (Tarifs en clair, Compl\u00e9ment Tarifs)","contenu":""},"pave16":{"libelle":"P\u00e9riodes en clair","contenu":""},"pave17":{"libelle":"Descriptif court","contenu":""},"pave18":{"libelle":"Descriptif d\u00e9taill\u00e9","contenu":""},"pave19":{"libelle":"Bons plans","contenu":""},"pave20":{"libelle":"Tarifs (Tarifs en clair, Compl\u00e9ment Tarifs)","contenu":""},"pave21":{"libelle":"P\u00e9riodes en clair","contenu":""},"pave22":{"libelle":"Dispositions sp\u00e9ciales","contenu":""},"pave23":{"libelle":"Nouveaut\u00e9s","contenu":""},"pave24":{"libelle":"Gestes pour l'environnement","contenu":""},"pave25":{"libelle":"","contenu":""},"ContactsParType":{"":{"118207":{"id_contact":"118207","type_contact":"","categorie_contact":"PRESTATAIRE","societe_contact":"","fonction_contact":"","civilite_nom_prenom_contact":"MME Fournier Christiane ","adresse1_contact":"","adresse2_contact":"","adresse3_contact":"","cpostal_contact":"","ville_contact":"","teldom_contact":"","telbur_contact":"","fax_contact":"","portable_contact":"","email_contact":"","siteweb_contact":"","commentaire_contact":"","langue_contact":"","autre_moyen_com":[]},"118208":{"id_contact":"118208","type_contact":"","categorie_contact":"PRESTATAIRE","societe_contact":"","fonction_contact":"","civilite_nom_prenom_contact":"MME Sault Elisabeth ","adresse1_contact":"","adresse2_contact":"","adresse3_contact":"","cpostal_contact":"","ville_contact":"","teldom_contact":"","telbur_contact":"","fax_contact":"","portable_contact":"","email_contact":"","siteweb_contact":"","commentaire_contact":"","langue_contact":"","autre_moyen_com":[]}}},"ZoneGeoLibelle":"Val d\u2019Allos \u2013 Le village","Libelle":"Snack \"le coin du go\u00fbt\"","Nom":"Le coin du go\u00fbt Bistrot Salon de th\u00e9","Prenom":"","NomPrenom":"Le coin du go\u00fbt Bistrot Salon de th\u00e9 ","CiviliteNomPrenom":"Le coin du go\u00fbt Bistrot Salon de th\u00e9 ","Cle":"T|635242","PrestataireParent":"","ContexteStat":"PRESTATAIRE-T-635242","DateModificationIso":"2026-04-29T00:09:00+02:00","Type":"PRESTATAIRE","TypePrestataire":"T","Adresse":{"LigneAdresse1":"grand rue","LigneAdresse2":"Val d'Allos - le Village","LigneAdresse3":"","CodePostal":"04260","Ville":"Allos","Cedex":"","Etat":"","Pays":"FRA"},"Email":"societe-pascal@orange.fr","Telephone":"04 92 83 00 04","TelephoneBureau":"","Portable":"","SiteWeb":"http:\/\/www.hotel-pascal.com","Fax":"","Id":"t-635242","Code":"T|635242","Fichier":{"Image":[{"url":"https:\/\/www.valdallos.com\/medias\/images\/prestataires\/139233-img_2974_copie.jpg","chemin":"..\/medias\/images\/prestataires\/139233-img_2974_copie.jpg","libelle":"Snack \"le coin du go\u00fbt\"_Allos","extension":"jpg","categorie":"","largeur":800,"theme":"","hauteur":600,"type":"Image","origine":"","liaisonPave":"","langue":"","id":"139233","urlVignette":"https:\/\/www.valdallos.com\/medias\/images\/prestataires\/v-139233-img_2974_copie.jpg","alt":"Snack \"le coin du go\u00fbt\"_Allos","title":"Snack \"le coin du go\u00fbt\"_Allos - &copy office de tourisme du Val d'Allos","MultiTaille":{"1920x1440":{"url":"https:\/\/www.valdallos.com\/medias\/images\/prestataires\/multitailles\/1920x1440_139233-img_2974_copie.jpg"},"1200x900":{"url":"https:\/\/www.valdallos.com\/medias\/images\/prestataires\/multitailles\/1200x900_139233-img_2974_copie.jpg"},"800x600":{"url":"https:\/\/www.valdallos.com\/medias\/images\/prestataires\/multitailles\/800x600_139233-img_2974_copie.jpg"},"640x480":{"url":"https:\/\/www.valdallos.com\/medias\/images\/prestataires\/multitailles\/640x480_139233-img_2974_copie.jpg"},"320x240":{"url":"https:\/\/www.valdallos.com\/medias\/images\/prestataires\/multitailles\/320x240_139233-img_2974_copie.jpg"},"160x120":{"url":"https:\/\/www.valdallos.com\/medias\/images\/prestataires\/multitailles\/160x120_139233-img_2974_copie.jpg"},"origine":{"url":"https:\/\/www.valdallos.com\/medias\/images\/prestataires\/139233-img_2974_copie.jpg"}},"urlLien":"","typeLien":"","nofollow":"N","copyright":"office de tourisme du Val d'Allos"},{"url":"https:\/\/www.valdallos.com\/medias\/images\/prestataires\/139234-goutdesmets_3.jpg","chemin":"..\/medias\/images\/prestataires\/139234-goutdesmets_3.jpg","libelle":"Le go\u00fbt des mets","extension":"jpg","categorie":"","largeur":1200,"theme":"","hauteur":788,"type":"Image","origine":"","liaisonPave":"","langue":"","id":"139234","urlVignette":"https:\/\/www.valdallos.com\/medias\/images\/prestataires\/v-139234-goutdesmets_3.jpg","alt":"Le go\u00fbt des mets","title":"Le go\u00fbt des mets","MultiTaille":{"1920x1440":{"url":"https:\/\/www.valdallos.com\/medias\/images\/prestataires\/multitailles\/1920x1440_139234-goutdesmets_3.jpg"},"1200x900":{"url":"https:\/\/www.valdallos.com\/medias\/images\/prestataires\/multitailles\/1200x900_139234-goutdesmets_3.jpg"},"800x600":{"url":"https:\/\/www.valdallos.com\/medias\/images\/prestataires\/multitailles\/800x600_139234-goutdesmets_3.jpg"},"640x480":{"url":"https:\/\/www.valdallos.com\/medias\/images\/prestataires\/multitailles\/640x480_139234-goutdesmets_3.jpg"},"320x240":{"url":"https:\/\/www.valdallos.com\/medias\/images\/prestataires\/multitailles\/320x240_139234-goutdesmets_3.jpg"},"160x120":{"url":"https:\/\/www.valdallos.com\/medias\/images\/prestataires\/multitailles\/160x120_139234-goutdesmets_3.jpg"},"origine":{"url":"https:\/\/www.valdallos.com\/medias\/images\/prestataires\/139234-goutdesmets_3.jpg"}},"urlLien":"","typeLien":"","nofollow":"N","copyright":"Le go\u00fbt des mets"},{"url":"https:\/\/www.valdallos.com\/medias\/images\/prestataires\/139235-goutdesmets_2.jpg","chemin":"..\/medias\/images\/prestataires\/139235-goutdesmets_2.jpg","libelle":"Le go\u00fbt des mets","extension":"jpg","categorie":"","largeur":1200,"theme":"","hauteur":802,"type":"Image","origine":"","liaisonPave":"","langue":"","id":"139235","urlVignette":"https:\/\/www.valdallos.com\/medias\/images\/prestataires\/v-139235-goutdesmets_2.jpg","alt":"Le go\u00fbt des mets","title":"Le go\u00fbt des mets","MultiTaille":{"1920x1440":{"url":"https:\/\/www.valdallos.com\/medias\/images\/prestataires\/multitailles\/1920x1440_139235-goutdesmets_2.jpg"},"1200x900":{"url":"https:\/\/www.valdallos.com\/medias\/images\/prestataires\/multitailles\/1200x900_139235-goutdesmets_2.jpg"},"800x600":{"url":"https:\/\/www.valdallos.com\/medias\/images\/prestataires\/multitailles\/800x600_139235-goutdesmets_2.jpg"},"640x480":{"url":"https:\/\/www.valdallos.com\/medias\/images\/prestataires\/multitailles\/640x480_139235-goutdesmets_2.jpg"},"320x240":{"url":"https:\/\/www.valdallos.com\/medias\/images\/prestataires\/multitailles\/320x240_139235-goutdesmets_2.jpg"},"160x120":{"url":"https:\/\/www.valdallos.com\/medias\/images\/prestataires\/multitailles\/160x120_139235-goutdesmets_2.jpg"},"origine":{"url":"https:\/\/www.valdallos.com\/medias\/images\/prestataires\/139235-goutdesmets_2.jpg"}},"urlLien":"","typeLien":"","nofollow":"N","copyright":"Le go\u00fbt des mets"},{"url":"https:\/\/www.valdallos.com\/medias\/images\/prestataires\/139236-goutdesmets_4.jpg","chemin":"..\/medias\/images\/prestataires\/139236-goutdesmets_4.jpg","libelle":"Le go\u00fbt des mets","extension":"jpg","categorie":"","largeur":1200,"theme":"","hauteur":799,"type":"Image","origine":"","liaisonPave":"","langue":"","id":"139236","urlVignette":"https:\/\/www.valdallos.com\/medias\/images\/prestataires\/v-139236-goutdesmets_4.jpg","alt":"Le go\u00fbt des mets","title":"Le go\u00fbt des mets","MultiTaille":{"1920x1440":{"url":"https:\/\/www.valdallos.com\/medias\/images\/prestataires\/multitailles\/1920x1440_139236-goutdesmets_4.jpg"},"1200x900":{"url":"https:\/\/www.valdallos.com\/medias\/images\/prestataires\/multitailles\/1200x900_139236-goutdesmets_4.jpg"},"800x600":{"url":"https:\/\/www.valdallos.com\/medias\/images\/prestataires\/multitailles\/800x600_139236-goutdesmets_4.jpg"},"640x480":{"url":"https:\/\/www.valdallos.com\/medias\/images\/prestataires\/multitailles\/640x480_139236-goutdesmets_4.jpg"},"320x240":{"url":"https:\/\/www.valdallos.com\/medias\/images\/prestataires\/multitailles\/320x240_139236-goutdesmets_4.jpg"},"160x120":{"url":"https:\/\/www.valdallos.com\/medias\/images\/prestataires\/multitailles\/160x120_139236-goutdesmets_4.jpg"},"origine":{"url":"https:\/\/www.valdallos.com\/medias\/images\/prestataires\/139236-goutdesmets_4.jpg"}},"urlLien":"","typeLien":"","nofollow":"N","copyright":"Le go\u00fbt des mets"},{"url":"https:\/\/www.valdallos.com\/medias\/images\/prestataires\/139237-goutdesmets_5.jpg","chemin":"..\/medias\/images\/prestataires\/139237-goutdesmets_5.jpg","libelle":"Le go\u00fbt des mets","extension":"jpg","categorie":"","largeur":1200,"theme":"","hauteur":754,"type":"Image","origine":"","liaisonPave":"","langue":"","id":"139237","urlVignette":"https:\/\/www.valdallos.com\/medias\/images\/prestataires\/v-139237-goutdesmets_5.jpg","alt":"Le go\u00fbt des mets","title":"Le go\u00fbt des mets","MultiTaille":{"1920x1440":{"url":"https:\/\/www.valdallos.com\/medias\/images\/prestataires\/multitailles\/1920x1440_139237-goutdesmets_5.jpg"},"1200x900":{"url":"https:\/\/www.valdallos.com\/medias\/images\/prestataires\/multitailles\/1200x900_139237-goutdesmets_5.jpg"},"800x600":{"url":"https:\/\/www.valdallos.com\/medias\/images\/prestataires\/multitailles\/800x600_139237-goutdesmets_5.jpg"},"640x480":{"url":"https:\/\/www.valdallos.com\/medias\/images\/prestataires\/multitailles\/640x480_139237-goutdesmets_5.jpg"},"320x240":{"url":"https:\/\/www.valdallos.com\/medias\/images\/prestataires\/multitailles\/320x240_139237-goutdesmets_5.jpg"},"160x120":{"url":"https:\/\/www.valdallos.com\/medias\/images\/prestataires\/multitailles\/160x120_139237-goutdesmets_5.jpg"},"origine":{"url":"https:\/\/www.valdallos.com\/medias\/images\/prestataires\/139237-goutdesmets_5.jpg"}},"urlLien":"","typeLien":"","nofollow":"N","copyright":"Le go\u00fbt des mets"}],"ByCategorie":{"":[{"url":"https:\/\/www.valdallos.com\/medias\/images\/prestataires\/139233-img_2974_copie.jpg","chemin":"..\/medias\/images\/prestataires\/139233-img_2974_copie.jpg","libelle":"Snack \"le coin du go\u00fbt\"_Allos","extension":"jpg","categorie":"","largeur":800,"theme":"","hauteur":600,"type":"Image","origine":"","liaisonPave":"","langue":"","id":"139233","urlVignette":"https:\/\/www.valdallos.com\/medias\/images\/prestataires\/v-139233-img_2974_copie.jpg","alt":"Snack \"le coin du go\u00fbt\"_Allos","title":"Snack \"le coin du go\u00fbt\"_Allos - &copy office de tourisme du Val d'Allos","MultiTaille":{"1920x1440":{"url":"https:\/\/www.valdallos.com\/medias\/images\/prestataires\/multitailles\/1920x1440_139233-img_2974_copie.jpg"},"1200x900":{"url":"https:\/\/www.valdallos.com\/medias\/images\/prestataires\/multitailles\/1200x900_139233-img_2974_copie.jpg"},"800x600":{"url":"https:\/\/www.valdallos.com\/medias\/images\/prestataires\/multitailles\/800x600_139233-img_2974_copie.jpg"},"640x480":{"url":"https:\/\/www.valdallos.com\/medias\/images\/prestataires\/multitailles\/640x480_139233-img_2974_copie.jpg"},"320x240":{"url":"https:\/\/www.valdallos.com\/medias\/images\/prestataires\/multitailles\/320x240_139233-img_2974_copie.jpg"},"160x120":{"url":"https:\/\/www.valdallos.com\/medias\/images\/prestataires\/multitailles\/160x120_139233-img_2974_copie.jpg"},"origine":{"url":"https:\/\/www.valdallos.com\/medias\/images\/prestataires\/139233-img_2974_copie.jpg"}},"urlLien":"","typeLien":"","nofollow":"N","copyright":"office de tourisme du Val d'Allos"},{"url":"https:\/\/www.valdallos.com\/medias\/images\/prestataires\/139234-goutdesmets_3.jpg","chemin":"..\/medias\/images\/prestataires\/139234-goutdesmets_3.jpg","libelle":"Le go\u00fbt des mets","extension":"jpg","categorie":"","largeur":1200,"theme":"","hauteur":788,"type":"Image","origine":"","liaisonPave":"","langue":"","id":"139234","urlVignette":"https:\/\/www.valdallos.com\/medias\/images\/prestataires\/v-139234-goutdesmets_3.jpg","alt":"Le go\u00fbt des mets","title":"Le go\u00fbt des mets","MultiTaille":{"1920x1440":{"url":"https:\/\/www.valdallos.com\/medias\/images\/prestataires\/multitailles\/1920x1440_139234-goutdesmets_3.jpg"},"1200x900":{"url":"https:\/\/www.valdallos.com\/medias\/images\/prestataires\/multitailles\/1200x900_139234-goutdesmets_3.jpg"},"800x600":{"url":"https:\/\/www.valdallos.com\/medias\/images\/prestataires\/multitailles\/800x600_139234-goutdesmets_3.jpg"},"640x480":{"url":"https:\/\/www.valdallos.com\/medias\/images\/prestataires\/multitailles\/640x480_139234-goutdesmets_3.jpg"},"320x240":{"url":"https:\/\/www.valdallos.com\/medias\/images\/prestataires\/multitailles\/320x240_139234-goutdesmets_3.jpg"},"160x120":{"url":"https:\/\/www.valdallos.com\/medias\/images\/prestataires\/multitailles\/160x120_139234-goutdesmets_3.jpg"},"origine":{"url":"https:\/\/www.valdallos.com\/medias\/images\/prestataires\/139234-goutdesmets_3.jpg"}},"urlLien":"","typeLien":"","nofollow":"N","copyright":"Le go\u00fbt des mets"},{"url":"https:\/\/www.valdallos.com\/medias\/images\/prestataires\/139235-goutdesmets_2.jpg","chemin":"..\/medias\/images\/prestataires\/139235-goutdesmets_2.jpg","libelle":"Le go\u00fbt des mets","extension":"jpg","categorie":"","largeur":1200,"theme":"","hauteur":802,"type":"Image","origine":"","liaisonPave":"","langue":"","id":"139235","urlVignette":"https:\/\/www.valdallos.com\/medias\/images\/prestataires\/v-139235-goutdesmets_2.jpg","alt":"Le go\u00fbt des mets","title":"Le go\u00fbt des mets","MultiTaille":{"1920x1440":{"url":"https:\/\/www.valdallos.com\/medias\/images\/prestataires\/multitailles\/1920x1440_139235-goutdesmets_2.jpg"},"1200x900":{"url":"https:\/\/www.valdallos.com\/medias\/images\/prestataires\/multitailles\/1200x900_139235-goutdesmets_2.jpg"},"800x600":{"url":"https:\/\/www.valdallos.com\/medias\/images\/prestataires\/multitailles\/800x600_139235-goutdesmets_2.jpg"},"640x480":{"url":"https:\/\/www.valdallos.com\/medias\/images\/prestataires\/multitailles\/640x480_139235-goutdesmets_2.jpg"},"320x240":{"url":"https:\/\/www.valdallos.com\/medias\/images\/prestataires\/multitailles\/320x240_139235-goutdesmets_2.jpg"},"160x120":{"url":"https:\/\/www.valdallos.com\/medias\/images\/prestataires\/multitailles\/160x120_139235-goutdesmets_2.jpg"},"origine":{"url":"https:\/\/www.valdallos.com\/medias\/images\/prestataires\/139235-goutdesmets_2.jpg"}},"urlLien":"","typeLien":"","nofollow":"N","copyright":"Le go\u00fbt des mets"},{"url":"https:\/\/www.valdallos.com\/medias\/images\/prestataires\/139236-goutdesmets_4.jpg","chemin":"..\/medias\/images\/prestataires\/139236-goutdesmets_4.jpg","libelle":"Le go\u00fbt des mets","extension":"jpg","categorie":"","largeur":1200,"theme":"","hauteur":799,"type":"Image","origine":"","liaisonPave":"","langue":"","id":"139236","urlVignette":"https:\/\/www.valdallos.com\/medias\/images\/prestataires\/v-139236-goutdesmets_4.jpg","alt":"Le go\u00fbt des mets","title":"Le go\u00fbt des mets","MultiTaille":{"1920x1440":{"url":"https:\/\/www.valdallos.com\/medias\/images\/prestataires\/multitailles\/1920x1440_139236-goutdesmets_4.jpg"},"1200x900":{"url":"https:\/\/www.valdallos.com\/medias\/images\/prestataires\/multitailles\/1200x900_139236-goutdesmets_4.jpg"},"800x600":{"url":"https:\/\/www.valdallos.com\/medias\/images\/prestataires\/multitailles\/800x600_139236-goutdesmets_4.jpg"},"640x480":{"url":"https:\/\/www.valdallos.com\/medias\/images\/prestataires\/multitailles\/640x480_139236-goutdesmets_4.jpg"},"320x240":{"url":"https:\/\/www.valdallos.com\/medias\/images\/prestataires\/multitailles\/320x240_139236-goutdesmets_4.jpg"},"160x120":{"url":"https:\/\/www.valdallos.com\/medias\/images\/prestataires\/multitailles\/160x120_139236-goutdesmets_4.jpg"},"origine":{"url":"https:\/\/www.valdallos.com\/medias\/images\/prestataires\/139236-goutdesmets_4.jpg"}},"urlLien":"","typeLien":"","nofollow":"N","copyright":"Le go\u00fbt des mets"},{"url":"https:\/\/www.valdallos.com\/medias\/images\/prestataires\/139237-goutdesmets_5.jpg","chemin":"..\/medias\/images\/prestataires\/139237-goutdesmets_5.jpg","libelle":"Le go\u00fbt des mets","extension":"jpg","categorie":"","largeur":1200,"theme":"","hauteur":754,"type":"Image","origine":"","liaisonPave":"","langue":"","id":"139237","urlVignette":"https:\/\/www.valdallos.com\/medias\/images\/prestataires\/v-139237-goutdesmets_5.jpg","alt":"Le go\u00fbt des mets","title":"Le go\u00fbt des mets","MultiTaille":{"1920x1440":{"url":"https:\/\/www.valdallos.com\/medias\/images\/prestataires\/multitailles\/1920x1440_139237-goutdesmets_5.jpg"},"1200x900":{"url":"https:\/\/www.valdallos.com\/medias\/images\/prestataires\/multitailles\/1200x900_139237-goutdesmets_5.jpg"},"800x600":{"url":"https:\/\/www.valdallos.com\/medias\/images\/prestataires\/multitailles\/800x600_139237-goutdesmets_5.jpg"},"640x480":{"url":"https:\/\/www.valdallos.com\/medias\/images\/prestataires\/multitailles\/640x480_139237-goutdesmets_5.jpg"},"320x240":{"url":"https:\/\/www.valdallos.com\/medias\/images\/prestataires\/multitailles\/320x240_139237-goutdesmets_5.jpg"},"160x120":{"url":"https:\/\/www.valdallos.com\/medias\/images\/prestataires\/multitailles\/160x120_139237-goutdesmets_5.jpg"},"origine":{"url":"https:\/\/www.valdallos.com\/medias\/images\/prestataires\/139237-goutdesmets_5.jpg"}},"urlLien":"","typeLien":"","nofollow":"N","copyright":"Le go\u00fbt des mets"}]}},"Url":"snack-le-coin-du-gout.html","Localisation":{"GoogleMap":{"Latitude":"44.24061","Longitude":"6.628121"},"PlanStation":{"idPlan":"7","nomPlan":"[NEW] Plan Village Allos","carte":"\/plan\/plan_village_2018[HIVER_FR[.jpg","PositionAbs":"1237","PositionOrd":"340"}},"ZoneGeo":"","Criteres":{"TINFADH[TFIN":"","TADHER[ROFFIC":"","TSERVI[TFPLUS":"","TSERVI[TFAMPLETE":"","TFAMPLU[TCHAIHAU":"","TFAMPLU[TREHAU":"","TFAMPLU[TCOINJEUX":"","TFAMPLU[TPLATJOUR":"10 ans","TFAMPLU[TJOUETS":"","ZONEGEO[FRPA04VAV1400":"","P.categories[2884":"","P.categories[CV":"","P.categories[LABELFAMILLEAFF":"","PUBLICATION[VALDALLOS":"","P.113[1593":"","P.125[3725":"","P.125[1106":"","P.125[6267":"","P.125[7156":"","P.122[715":"","P.services[687":"","P.119[1177":"","P.119[4995":"","P.prestations[animauxAcceptes":"","P.prestations[surchargeTourismesAdaptes":"","P.prestations[surchargeDescriptifHandicapMoteur":"","P.prestations[surchargeDescriptifHandicapAuditif":"","P.prestations[surchargeDescriptifHandicapVisuel":"","P.prestations[surchargeDescriptifHandicapMental":"","P.prestations[surchargeNombreFauteuilsRoulants":"","P.languesParlees[1197":"","P.tourismesAdaptes[3651":"","P.5[593":"","P.environnements[185":"","P.7237[3974":"","P.7237[183":"","P.7237[160":"","P.114[416":"","P.114[418":"","P.114[435":"","P.114[436":"","P.modesPaiement[1271":"","P.modesPaiement[1268":"","P.modesPaiement[1277":"","P.modesPaiement[1274":"","P.tourismeAffaires[tourismeAffairesEnabled":"","P.tourismeAffaires[devise":"EUR","P.restaurationType[2866":"","P.capacite[nombreSalles":"1","P.capacite[nombreMaximumCouverts":"30","P.capacite[nombreCouvertsTerrasse":"40","P.CINTSITRA[5660":"","P.CINTSITRA[5663":"","P.CINTSITRA[5664":"","P.CINTSITRA[8809":"","P.6241[126905":"","P.6241[5740912":"","P.3218[311229":"","P.3220[587401":"","P.3220[5575332":"","P.3233[591419":"","P.3221[4876304":"","P.3219[5127127":"","P.3219[5239406":"","P.3219[6436838":"","P.3240[5778284":"","P.6242[5843488":"","P.3230[6139211":"","P.VilleSitra[1559":"","P.VillageDeDepart[1559":"","P.114[439":""},"DateFinPublication":"","PrixAPartirDe":"","PrixPour":"","FicheListeEnCours":"fiche_liste_restaurants_OT_v2018","ParametresModele":{"AfficherPhotos":1,"NbPhotosMax":6,"AfficherReserver":0,"AfficherContact":"1","AfficherSalle":1,"AfficherZoneGeo":0,"AfficherEnSavoirPlus":"0","AfficherUneSeuleOuverture":0,"AfficherContactCarte":1,"AfficherTarifsChaudAPartirDe":0,"AfficherTarifChaudSansRecherche":0,"AffichageCoordonnees":"Telephone|TelephoneBureau|Portable","AfficherAvis":"0","AfficherAvisIngenie":"1","BlocCritereInfo":{"critere1":{"libelle":""},"critere2":{"libelle":""},"critere3":{"libelle":""},"critere4":{"libelle":""},"critere5":{"libelle":"","liste_critere":["P.113|1593|T","P.113|1680|T"]},"critere6":{"libelle":""},"critere7":{"libelle":"","liste_critere":["ZONEGEO|T"]},"critere8":{"libelle":""},"critere9":{"libelle":""},"afficherpictoetpaslibelle":"1"},"Criteres":"PUBLICATION[VALDALLOS","PositionBloc":"GALLERIE|NOM|ADRESSE|DESCRIPTIF|CRITERESORDONNEES|ZONEPRINCIPALFICHEPRESTA|AVIS|LIEN_RESERVER_DETAIL|DISPO|CARNET_VOYAGE|URL","TypePrestataire":"T","ComportementResa":false,"ComportementDispo":false},"AffichageCoordonnees":{"Telephone":"04 92 83 00 04"},"Coordonnees":{"Ville":"Allos"},"ContexteId":"PRESTATAIRE|T|635242","ContexteIdHtml":"PRESTATAIRE-T-635242","cleContexte":"T|635242","Bloc":{"texte1":"","texte3":"","critere1":{"libelle":"","contenu":[]},"critere2":{"libelle":"","contenu":[]},"critere3":{"libelle":"","contenu":[]},"critere4":{"libelle":"","contenu":[]},"critere5":{"libelle":"","contenu":{"P.113":{"libelle":"Nazionale","contenu":{"1":"\u003Cimg src=\"https:\/\/www.valdallos.com\/medias\/images\/picto\/P.113-1593-T.png\"  alt=\"Famille plus\" title=\"Famille plus\" \/\u003E"},"codesValeurs":{"1":"P.113|1593|T"},"criteres_datas":{"valeurs":{"1":{"1593":{"descriptif":""}}}}}}},"critere6":{"libelle":"","contenu":[]},"critere7":{"libelle":"","contenu":{"ZONEGEO":{"libelle":"Citt\u00e0","contenu":{"3":"Val d'Allos le Village"},"codesValeurs":{"3":"ZONEGEO|FRPA04VAV1400|T"},"criteres_datas":{"valeurs":{"3":{"FRPA04VAV1400":{"descriptif":""}}}}}}},"critere8":{"libelle":"","contenu":[]},"critere9":{"libelle":"","contenu":[]}},"LocalisationGps":{"Latitude":"44.24061","Longitude":"6.628121"},"libelleDuPrestataire":"","listeCriteres":{"TINFADH":{"TFIN":""},"TADHER":{"ROFFIC":""},"TSERVI":{"TFPLUS":"","TFAMPLETE":""},"TFAMPLU":{"TCHAIHAU":"","TREHAU":"","TCOINJEUX":"","TPLATJOUR":"10 ans","TJOUETS":""},"ZONEGEO":{"FRPA04VAV1400":""},"P.categories":{"2884":"","CV":"","LABELFAMILLEAFF":""},"PUBLICATION":{"VALDALLOS":""},"P.113":{"1593":""},"P.125":{"3725":"","1106":"","6267":"","7156":""},"P.122":{"715":""},"P.services":{"687":""},"P.119":{"1177":"","4995":""},"P.prestations":{"animauxAcceptes":"","surchargeTourismesAdaptes":"","surchargeDescriptifHandicapMoteur":"","surchargeDescriptifHandicapAuditif":"","surchargeDescriptifHandicapVisuel":"","surchargeDescriptifHandicapMental":"","surchargeNombreFauteuilsRoulants":""},"P.languesParlees":{"1197":""},"P.tourismesAdaptes":{"3651":""},"P.5":{"593":""},"P.environnements":{"185":""},"P.7237":{"3974":"","183":"","160":""},"P.114":{"416":"","418":"","435":"","436":"","439":""},"P.modesPaiement":{"1271":"","1268":"","1277":"","1274":""},"P.tourismeAffaires":{"tourismeAffairesEnabled":"","devise":"EUR"},"P.restaurationType":{"2866":""},"P.capacite":{"nombreSalles":"1","nombreMaximumCouverts":"30","nombreCouvertsTerrasse":"40"},"P.CINTSITRA":{"5660":"","5663":"","5664":"","8809":""},"P.6241":{"126905":"","5740912":""},"P.3218":{"311229":""},"P.3220":{"587401":"","5575332":""},"P.3233":{"591419":""},"P.3221":{"4876304":""},"P.3219":{"5127127":"","5239406":"","6436838":""},"P.3240":{"5778284":""},"P.6242":{"5843488":""},"P.3230":{"6139211":""},"P.VilleSitra":{"1559":""},"P.VillageDeDepart":{"1559":""}},"dansCarnetVoyage":true,"Ouverture":""},"html":" \n \u003Cdiv id=\"CV-PRESTATAIRE-T-635242\" data-contexte-id=\"PRESTATAIRE|T|635242\" data-cle=\"T|635242\" class=\"fiche-liste\"\u003E\n    \n\n    \u003C!-- partie photo --\u003E\n    \u003Cdiv class=\"photo\"\u003E\t\t\t\t\t\t\t\t\t\t\t\t\t\t\t\t\t\t\t\t\t\n        \u003Cdiv class=\"cadre_photo_principale\"\u003E\t\t\n        \n            \t\t\t\t\t\n                    \u003Ca href=\"snack-le-coin-du-gout.html?origine=carnet#media\"\u003E\n                        \u003Cimg class=\"photo_principale\" alt=\"Snack \"le coin du go\u00fbt\"_Allos\" src=\"https:\/\/www.valdallos.com\/medias\/images\/prestataires\/multitailles\/320x240_139233-img_2974_copie.jpg\" itemprop=\"image\"\u003E\n                    \u003C\/a\u003E\t\t\t\t\t\t\n                \n                    \u003C\/div\u003E\t\t\t\t\t\t\t\t\t\t\t\t\t\t\t\t\t\t\t \t\t\n    \u003C\/div\u003E\n    \n    \u003C!-- partie nom prest --\u003E\n    \u003Cdiv class=\"nom\"\u003E\n        \u003Ch2\u003ESnack \"le coin du go\u00fbt\"\u003C\/h2\u003E\n        \n            \u003C\/div\u003E\n\n         \n    \u003C!-- partie adresse --\u003E\n    \u003Cdiv class=\"adresse\"\u003E\n    \n          \n    \u003C\/div\u003E\n    \n    \u003C!-- partie liens --\u003E\n    \u003Cdiv class=\"liens\"\u003E\n            \u003Ca class=\"btn-icon btn-view \" title=\"Vedi il file dettagliato\" href=\"snack-le-coin-du-gout.html?origine=carnet\"\u003E\u003C\/a\u003E\u003C!--\u003Ca class=\"btn-icon btn-view \" title=\"\" href=\"?origine=carnet#thaut\"\u003E\u003C\/a\u003E--\u003E\n      \u003Ca class=\"btn-icon btn-trash carnet_voyage_supprimer\" title=\"Elimina questo file dal mio diario di viaggio\" href=\"carnet-voyage?action=remove&fiche=T|635242\"\u003E\u003C\/a\u003E\n    \u003C\/div\u003E\n\n\u003C\/div\u003E\n\n","icon":"https:\/\/static.ingenie.fr\/images\/carnetVoyageV3\/T.png"},"fiche":"T|635242","popup":"\u003Cdiv id=\"bloc_popup_ajout_fiche_carnet\"\u003E\n    \u003Cdiv class=\"info_popup_ajout_fiche_carnet\"\u003E\n        Hai appena aggiunto questo elemento alla tua selezione:    \u003C\/div\u003E\n    \u003Cdiv class=\"prest_popup_ajout_fiche_carnet\"\u003E\n        Snack &quot;le coin du go&ucirc;t&quot;    \u003C\/div\u003E\n    \u003Cdiv class=\"bloc_btn_ajout_fiche_carnet form_submit_div\"\u003E\n        \u003Cinput type=\"button\" value=\"Continua la mia selezione\" title=\"Continua la mia selezione\" name=\"btn_close\" class=\"btn_close_popup_carnet form_submit\" onclick=\"$.colorbox.close()\" \/\u003E\n        \u003Cinput type=\"button\" value=\"Visualizza la mia selezione\" title=\"Visualizza la mia selezione\" name=\"btn_panier\" class=\"btn_panier_popup_carnet form_submit\" onclick=\"if(typeof CarnetVoyage != 'undefined') {CarnetVoyage.voirCarnet();}\" \/\u003E\n    \u003C\/div\u003E\n    \u003Cdiv class=\"bloc_btn_ajout_fiche_carnet\"\u003E\n        \u003Cinput type=\"checkbox\" value=\"1\" name=\"desactiver_popup\" id=\"desactiver_popup\" \/\u003E\n        \u003Clabel for=\"desactiver_popup\"\u003ENon visualizzare pi\u00f9 questo messaggio\u003C\/label\u003E\n    \u003C\/div\u003E\n\u003C\/div\u003E","success":1}