{"nbFiches":1,"dataPrest":{"infoPrest":{"pave1":{"libelle":"Descriptif","contenu":"Snack di altitudine ai piedi della seggiovia di Font Frede. Accesso pedonale possibile."},"pave2":{"libelle":"URL de la r\u00e9servation ou vente en ligne","contenu":""},"pave3":{"libelle":"Descriptif court","contenu":""},"pave4":{"libelle":"Descriptif d\u00e9taill\u00e9","contenu":""},"pave5":{"libelle":"Bons plans","contenu":""},"pave6":{"libelle":"Compl\u00e9ment localisation","contenu":""},"pave7":{"libelle":"Compl\u00e9ment accueil","contenu":""},"pave8":{"libelle":"P\u00e9riodes en clair","contenu":""},"pave9":{"libelle":"Tarifs en clair","contenu":""},"pave10":{"libelle":"Compl\u00e9ment Tarifs","contenu":""},"pave11":{"libelle":"Compl\u00e9ment R\u00e9servation","contenu":""},"pave12":{"libelle":"Descriptif court","contenu":""},"pave13":{"libelle":"Descriptif d\u00e9taill\u00e9","contenu":""},"pave14":{"libelle":"Bons plans","contenu":""},"pave15":{"libelle":"Tarifs (Tarifs en clair, Compl\u00e9ment Tarifs)","contenu":""},"pave16":{"libelle":"P\u00e9riodes en clair","contenu":""},"pave17":{"libelle":"Descriptif court","contenu":""},"pave18":{"libelle":"Descriptif d\u00e9taill\u00e9","contenu":""},"pave19":{"libelle":"Bons plans","contenu":""},"pave20":{"libelle":"Tarifs (Tarifs en clair, Compl\u00e9ment Tarifs)","contenu":""},"pave21":{"libelle":"P\u00e9riodes en clair","contenu":""},"pave22":{"libelle":"Dispositions sp\u00e9ciales","contenu":""},"pave23":{"libelle":"Nouveaut\u00e9s","contenu":""},"pave24":{"libelle":"Gestes pour l'environnement","contenu":""},"pave25":{"libelle":"","contenu":""},"ContactsParType":{"GEST":{"114789":{"id_contact":"114789","type_contact":"GEST","categorie_contact":"PRESTATAIRE","societe_contact":"","fonction_contact":"","civilite_nom_prenom_contact":"Snack d'altitude le Chardon Bleu ","adresse1_contact":"Quartier de Fond Frede","adresse2_contact":"Val d'Allos - le Seignus","adresse3_contact":"","cpostal_contact":"04260","ville_contact":"Le Seignus","teldom_contact":"","telbur_contact":"","fax_contact":"","portable_contact":"06 64 45 80 69","email_contact":"valerie_taggiasco@orange.fr","siteweb_contact":"","commentaire_contact":"","langue_contact":"","autre_moyen_com":[]}},"":{"114790":{"id_contact":"114790","type_contact":"","categorie_contact":"PRESTATAIRE","societe_contact":"","fonction_contact":"","civilite_nom_prenom_contact":"taggisaco valerie ","adresse1_contact":"","adresse2_contact":"","adresse3_contact":"","cpostal_contact":"","ville_contact":"","teldom_contact":"","telbur_contact":"","fax_contact":"","portable_contact":"","email_contact":"","siteweb_contact":"","commentaire_contact":"","langue_contact":"","autre_moyen_com":[]}},"RES":{"114791":{"id_contact":"114791","type_contact":"RES","categorie_contact":"PRESTATAIRE","societe_contact":"","fonction_contact":"","civilite_nom_prenom_contact":"Snack d'altitude le Chardon Bleu ","adresse1_contact":"","adresse2_contact":"","adresse3_contact":"","cpostal_contact":"","ville_contact":"","teldom_contact":"","telbur_contact":"","fax_contact":"","portable_contact":"","email_contact":"","siteweb_contact":"","commentaire_contact":"","langue_contact":"","autre_moyen_com":[]}}},"ZoneGeoLibelle":"Val d\u2019Allos \u2013 Le Seignus","Libelle":"Altitudine snack  Chardon Bleu","Nom":"Snack d'altitude le Chardon Bleu","Prenom":"","NomPrenom":"Snack d'altitude le Chardon Bleu ","CiviliteNomPrenom":"Snack d'altitude le Chardon Bleu ","Cle":"T|687882","PrestataireParent":"T|ESTA","ContexteStat":"PRESTATAIRE-T-687882","DateModificationIso":"2026-03-13T08:45:00+01:00","Type":"PRESTATAIRE","TypePrestataire":"T","Adresse":{"LigneAdresse1":"Quartier de Fond Frede","LigneAdresse2":"Val d'Allos - le Seignus","LigneAdresse3":"","CodePostal":"04260","Ville":"Le Seignus","Cedex":"","Etat":"","Pays":"FRA"},"Email":"valerie_taggiasco@orange.fr","Telephone":"","TelephoneBureau":"","Portable":"06 64 45 80 69","SiteWeb":"","Fax":"","Id":"t-687882","Code":"T|687882","Fichier":{"ByCategorie":{"DEFAUT":[{"url":"https:\/\/www.valdallos.com\/medias\/images\/info_menu\/defaut-1771-2463.jpg","chemin":"..\/medias\/images\/info_menu\/defaut-1771-2463.jpg","libelle":"Defaut","extension":"jpg","categorie":"SOMM2014","largeur":640,"theme":"","hauteur":426,"type":"Image","origine":"","liaisonPave":"","langue":"","id":"2463","urlVignette":"https:\/\/www.valdallos.com\/medias\/images\/info_menu\/v-defaut-1771-2463.jpg","alt":"Defaut","title":"D\u00e9faut","MultiTaille":{"1920x1440":{"url":"https:\/\/www.valdallos.com\/medias\/images\/info_menu\/multitailles\/1920x1440_defaut-1771-2463.jpg"},"1200x900":{"url":"https:\/\/www.valdallos.com\/medias\/images\/info_menu\/multitailles\/1200x900_defaut-1771-2463.jpg"},"800x600":{"url":"https:\/\/www.valdallos.com\/medias\/images\/info_menu\/multitailles\/800x600_defaut-1771-2463.jpg"},"640x480":{"url":"https:\/\/www.valdallos.com\/medias\/images\/info_menu\/multitailles\/640x480_defaut-1771-2463.jpg"},"320x240":{"url":"https:\/\/www.valdallos.com\/medias\/images\/info_menu\/multitailles\/320x240_defaut-1771-2463.jpg"},"160x120":{"url":"https:\/\/www.valdallos.com\/medias\/images\/info_menu\/multitailles\/160x120_defaut-1771-2463.jpg"},"origine":{"url":"https:\/\/www.valdallos.com\/medias\/images\/info_menu\/defaut-1771-2463.jpg"}},"urlLien":"","typeLien":"|","nofollow":"N","copyright":""}]},"Image":[{"url":"https:\/\/www.valdallos.com\/medias\/images\/info_menu\/defaut-1771-2463.jpg","chemin":"..\/medias\/images\/info_menu\/defaut-1771-2463.jpg","libelle":"Defaut","extension":"jpg","categorie":"SOMM2014","largeur":640,"theme":"","hauteur":426,"type":"Image","origine":"","liaisonPave":"","langue":"","id":"2463","urlVignette":"https:\/\/www.valdallos.com\/medias\/images\/info_menu\/v-defaut-1771-2463.jpg","alt":"Defaut","title":"D\u00e9faut","MultiTaille":{"1920x1440":{"url":"https:\/\/www.valdallos.com\/medias\/images\/info_menu\/multitailles\/1920x1440_defaut-1771-2463.jpg"},"1200x900":{"url":"https:\/\/www.valdallos.com\/medias\/images\/info_menu\/multitailles\/1200x900_defaut-1771-2463.jpg"},"800x600":{"url":"https:\/\/www.valdallos.com\/medias\/images\/info_menu\/multitailles\/800x600_defaut-1771-2463.jpg"},"640x480":{"url":"https:\/\/www.valdallos.com\/medias\/images\/info_menu\/multitailles\/640x480_defaut-1771-2463.jpg"},"320x240":{"url":"https:\/\/www.valdallos.com\/medias\/images\/info_menu\/multitailles\/320x240_defaut-1771-2463.jpg"},"160x120":{"url":"https:\/\/www.valdallos.com\/medias\/images\/info_menu\/multitailles\/160x120_defaut-1771-2463.jpg"},"origine":{"url":"https:\/\/www.valdallos.com\/medias\/images\/info_menu\/defaut-1771-2463.jpg"}},"urlLien":"","typeLien":"|","nofollow":"N","copyright":""}]},"Url":"altitudine-snack-blue-thistle.html","Localisation":{"GoogleMap":{"Latitude":"44.229314","Longitude":"6.611883"},"PlanStation":{"idPlan":"9","nomPlan":"[NEW] Plan des pistes Val d'Allos - Le Seignus","carte":"\/plan\/plan_des_pistes_allos_seignus.jpg","PositionAbs":"197","PositionOrd":"545"}},"ZoneGeo":"","Criteres":{"TINFADH[TDEB":"20150420","TADHER[TNOOFFIC":"","ZONEGEO[FRPA04VAV1500":"","PUBLICATION[VALDALLOSREDUIT":"","P.prestations[surchargeTourismesAdaptes":"","P.prestations[surchargeDescriptifHandicapMoteur":"","P.prestations[surchargeDescriptifHandicapAuditif":"","P.prestations[surchargeDescriptifHandicapVisuel":"","P.prestations[surchargeDescriptifHandicapMental":"","P.prestations[surchargeNombreFauteuilsRoulants":"","P.languesParlees[1197":"","P.restaurationType[2866":"","P.categories[2895":"","P.CINTSITRA[5661":"","P.CINTSITRA[5664":"","P.6241[126905":"","P.6241[5740912":"","P.3218[311229":"","P.3220[587401":"","P.3220[5575332":"","P.3233[591419":"","P.3221[4876304":"","P.3219[5127066":"","P.3219[5239406":"","P.3240[5778284":"","P.3230[6139211":"","P.VilleSitra[37281":"","P.VillageDeDepart[37281":"","P.114[435":""},"DateFinPublication":"","PrixAPartirDe":"","PrixPour":"","FicheListeEnCours":"fiche_liste_restaurants_OT_v2018_reduit","ParametresModele":{"AfficherPhotos":"0","NbPhotosMax":6,"AfficherReserver":0,"AfficherContact":0,"AfficherSalle":1,"AfficherZoneGeo":0,"AfficherEnSavoirPlus":"0","AfficherUneSeuleOuverture":0,"AfficherContactCarte":1,"AfficherTarifsChaudAPartirDe":0,"AfficherTarifChaudSansRecherche":0,"AfficherAvis":"0","AfficherAvisIngenie":"1","BlocCritereInfo":{"critere1":{"libelle":""},"critere2":{"libelle":"","liste_critere":["ZONEGEO|T"]},"critere3":{"libelle":""},"critere4":{"libelle":""},"critere5":{"libelle":""},"critere6":{"libelle":""},"critere7":{"libelle":""},"critere8":{"libelle":""},"afficherpictoetpaslibelle":"1"},"BlocPaveInfo":{"texte1":{"longeurmax":"250","afficherLibelle":"0","garderHtml":"0"}},"Criteres":"PUBLICATION[VALDALLOSREDUIT","PositionBloc":"GALLERIE|NOM|DESCRIPTIF|ZONEPRINCIPALFICHEPRESTA|AVIS|LIEN_RESERVER_DETAIL|URL|CARNET_VOYAGE","TypePrestataire":"T","ComportementResa":false,"ComportementDispo":false},"AffichageCoordonnees":[],"Coordonnees":{"Ville":"Le Seignus"},"ContexteId":"PRESTATAIRE|T|687882","ContexteIdHtml":"PRESTATAIRE-T-687882","cleContexte":"T|687882","Bloc":{"texte1":"","texte3":"","critere1":{"libelle":"","contenu":[]},"critere2":{"libelle":"","contenu":{"ZONEGEO":{"libelle":"Citt\u00e0","contenu":{"2":"Val d'Allos le Seignus"},"codesValeurs":{"2":"ZONEGEO|FRPA04VAV1500|T"},"criteres_datas":{"valeurs":{"2":{"FRPA04VAV1500":{"descriptif":""}}}}}}},"critere3":{"libelle":"","contenu":[]},"critere4":{"libelle":"","contenu":[]},"critere5":{"libelle":"","contenu":[]},"critere6":{"libelle":"","contenu":[]},"critere7":{"libelle":"","contenu":[]},"critere8":{"libelle":"","contenu":[]},"critere9":{"libelle":"","contenu":[]}},"LocalisationGps":{"Latitude":"44.229314","Longitude":"6.611883"},"libelleDuPrestataire":"","listeCriteres":{"TINFADH":{"TDEB":"20150420"},"TADHER":{"TNOOFFIC":""},"ZONEGEO":{"FRPA04VAV1500":""},"PUBLICATION":{"VALDALLOSREDUIT":""},"P.prestations":{"surchargeTourismesAdaptes":"","surchargeDescriptifHandicapMoteur":"","surchargeDescriptifHandicapAuditif":"","surchargeDescriptifHandicapVisuel":"","surchargeDescriptifHandicapMental":"","surchargeNombreFauteuilsRoulants":""},"P.languesParlees":{"1197":""},"P.restaurationType":{"2866":""},"P.categories":{"2895":""},"P.CINTSITRA":{"5661":"","5664":""},"P.6241":{"126905":"","5740912":""},"P.3218":{"311229":""},"P.3220":{"587401":"","5575332":""},"P.3233":{"591419":""},"P.3221":{"4876304":""},"P.3219":{"5127066":"","5239406":""},"P.3240":{"5778284":""},"P.3230":{"6139211":""},"P.VilleSitra":{"37281":""},"P.VillageDeDepart":{"37281":""},"P.114":{"435":""}},"dansCarnetVoyage":true,"Ouverture":""},"html":" \n \u003Cdiv id=\"CV-PRESTATAIRE-T-687882\" data-contexte-id=\"PRESTATAIRE|T|687882\" data-cle=\"T|687882\" class=\"fiche-liste\"\u003E\n    \n\n    \u003C!-- partie photo --\u003E\n    \u003Cdiv class=\"photo\"\u003E\t\t\t\t\t\t\t\t\t\t\t\t\t\t\t\t\t\t\t\t\t\n        \u003Cdiv class=\"cadre_photo_principale\"\u003E\t\t\n        \n            \t\t\t\t\t\n                    \u003Ca href=\"altitudine-snack-blue-thistle.html?origine=carnet#media\"\u003E\n                        \u003Cimg class=\"photo_principale\" alt=\"Defaut\" src=\"https:\/\/www.valdallos.com\/medias\/images\/info_menu\/multitailles\/320x240_defaut-1771-2463.jpg\" itemprop=\"image\"\u003E\n                    \u003C\/a\u003E\t\t\t\t\t\t\n                \n                    \u003C\/div\u003E\t\t\t\t\t\t\t\t\t\t\t\t\t\t\t\t\t\t\t \t\t\n    \u003C\/div\u003E\n    \n    \u003C!-- partie nom prest --\u003E\n    \u003Cdiv class=\"nom\"\u003E\n        \u003Ch2\u003EAltitudine snack  Chardon Bleu\u003C\/h2\u003E\n        \n            \u003C\/div\u003E\n\n         \n    \u003C!-- partie adresse --\u003E\n    \u003Cdiv class=\"adresse\"\u003E\n    \n          \n    \u003C\/div\u003E\n    \n    \u003C!-- partie liens --\u003E\n    \u003Cdiv class=\"liens\"\u003E\n            \u003Ca class=\"btn-icon btn-view \" title=\"Vedi il file dettagliato\" href=\"altitudine-snack-blue-thistle.html?origine=carnet\"\u003E\u003C\/a\u003E\u003C!--\u003Ca class=\"btn-icon btn-view \" title=\"\" href=\"?origine=carnet#thaut\"\u003E\u003C\/a\u003E--\u003E\n      \u003Ca class=\"btn-icon btn-trash carnet_voyage_supprimer\" title=\"Elimina questo file dal mio diario di viaggio\" href=\"carnet-voyage?action=remove&fiche=T|687882\"\u003E\u003C\/a\u003E\n    \u003C\/div\u003E\n\n\u003C\/div\u003E\n\n","icon":"https:\/\/static.ingenie.fr\/images\/carnetVoyageV3\/T.png"},"fiche":"T|687882","popup":"\u003Cdiv id=\"bloc_popup_ajout_fiche_carnet\"\u003E\n    \u003Cdiv class=\"info_popup_ajout_fiche_carnet\"\u003E\n        Hai appena aggiunto questo elemento alla tua selezione:    \u003C\/div\u003E\n    \u003Cdiv class=\"prest_popup_ajout_fiche_carnet\"\u003E\n        Altitudine snack  Chardon Bleu    \u003C\/div\u003E\n    \u003Cdiv class=\"bloc_btn_ajout_fiche_carnet form_submit_div\"\u003E\n        \u003Cinput type=\"button\" value=\"Continua la mia selezione\" title=\"Continua la mia selezione\" name=\"btn_close\" class=\"btn_close_popup_carnet form_submit\" onclick=\"$.colorbox.close()\" \/\u003E\n        \u003Cinput type=\"button\" value=\"Visualizza la mia selezione\" title=\"Visualizza la mia selezione\" name=\"btn_panier\" class=\"btn_panier_popup_carnet form_submit\" onclick=\"if(typeof CarnetVoyage != 'undefined') {CarnetVoyage.voirCarnet();}\" \/\u003E\n    \u003C\/div\u003E\n    \u003Cdiv class=\"bloc_btn_ajout_fiche_carnet\"\u003E\n        \u003Cinput type=\"checkbox\" value=\"1\" name=\"desactiver_popup\" id=\"desactiver_popup\" \/\u003E\n        \u003Clabel for=\"desactiver_popup\"\u003ENon visualizzare pi\u00f9 questo messaggio\u003C\/label\u003E\n    \u003C\/div\u003E\n\u003C\/div\u003E","success":1}