{"nbFiches":1,"dataPrest":{"infoPrest":{"pave1":{"libelle":"Descriptif","contenu":"Snack, catering e piatti tradizionali"},"pave2":{"libelle":"URL de la r\u00e9servation ou vente en ligne","contenu":""},"pave3":{"libelle":"Descriptif court","contenu":""},"pave4":{"libelle":"Descriptif d\u00e9taill\u00e9","contenu":""},"pave5":{"libelle":"Bons plans","contenu":""},"pave6":{"libelle":"Compl\u00e9ment localisation","contenu":""},"pave7":{"libelle":"Compl\u00e9ment accueil","contenu":""},"pave8":{"libelle":"P\u00e9riodes en clair","contenu":"Dal 13\/12\/2025 al 30\/04\/2026 il luned\u00ec, marted\u00ec, venerd\u00ec e fine settimana dalle 9 alle 20."},"pave9":{"libelle":"Tarifs en clair","contenu":""},"pave10":{"libelle":"Compl\u00e9ment Tarifs","contenu":""},"pave11":{"libelle":"Compl\u00e9ment R\u00e9servation","contenu":""},"pave12":{"libelle":"Descriptif court","contenu":""},"pave13":{"libelle":"Descriptif d\u00e9taill\u00e9","contenu":""},"pave14":{"libelle":"Bons plans","contenu":""},"pave15":{"libelle":"Tarifs (Tarifs en clair, Compl\u00e9ment Tarifs)","contenu":""},"pave16":{"libelle":"P\u00e9riodes en clair","contenu":""},"pave17":{"libelle":"Descriptif court","contenu":""},"pave18":{"libelle":"Descriptif d\u00e9taill\u00e9","contenu":""},"pave19":{"libelle":"Bons plans","contenu":""},"pave20":{"libelle":"Tarifs (Tarifs en clair, Compl\u00e9ment Tarifs)","contenu":""},"pave21":{"libelle":"P\u00e9riodes en clair","contenu":""},"pave22":{"libelle":"Dispositions sp\u00e9ciales","contenu":""},"pave23":{"libelle":"Nouveaut\u00e9s","contenu":""},"pave24":{"libelle":"Gestes pour l'environnement","contenu":""},"pave25":{"libelle":"","contenu":""},"ZoneGeoLibelle":"Val d\u2019Allos \u2013 Le village","Libelle":"Snack le Croustet","Nom":"Snack le Croustet","Prenom":"","NomPrenom":"Snack le Croustet ","CiviliteNomPrenom":"Snack le Croustet ","Cle":"T|832829","PrestataireParent":"","ContexteStat":"PRESTATAIRE-T-832829","DateModificationIso":"2026-03-13T08:45:00+01:00","Type":"PRESTATAIRE","TypePrestataire":"T","Adresse":{"LigneAdresse1":"route de la r\u00e9sidence","LigneAdresse2":"","LigneAdresse3":"","CodePostal":"04260","Ville":"Allos","Cedex":"","Etat":"","Pays":"FRA"},"Email":"autempsdavant1@gmail.com","Telephone":"","TelephoneBureau":"","Portable":"06 21 57 19 01","SiteWeb":"","Fax":"","Id":"t-832829","Code":"T|832829","Fichier":{"Image":[{"url":"https:\/\/www.valdallos.com\/medias\/images\/prestataires\/136943-le_croustet2.jpg","chemin":"..\/medias\/images\/prestataires\/136943-le_croustet2.jpg","libelle":"Vue d'ensemble du restaurant, b\u00e2timent en pierre et bois sur 2 niveaux avec terrasse en bois au RDC, tables, chaises, parasols, chaises longues. Prairie devant le restaurant avec chaises longues.","extension":"jpg","categorie":"","largeur":1200,"theme":"ETE","hauteur":900,"type":"Image","origine":"","liaisonPave":"","langue":"","id":"136943","urlVignette":"https:\/\/www.valdallos.com\/medias\/images\/prestataires\/v-136943-le_croustet2.jpg","alt":"Vue d'ensemble du restaurant, b\u00e2timent en pierre et bois sur 2 niveaux avec terrasse en bois au RDC, tables, chaises, parasols, chaises longues. Prairie devant le restaurant avec chaises longues.","title":"Vue d'ensemble du restaurant, b\u00e2timent en pierre et bois sur 2 niveaux avec terrasse en bois au RDC, tables, chaises, parasols, chaises longues. Prairie devant le restaurant avec chaises longues.","MultiTaille":{"1920x1440":{"url":"https:\/\/www.valdallos.com\/medias\/images\/prestataires\/multitailles\/1920x1440_136943-le_croustet2.jpg"},"1200x900":{"url":"https:\/\/www.valdallos.com\/medias\/images\/prestataires\/multitailles\/1200x900_136943-le_croustet2.jpg"},"800x600":{"url":"https:\/\/www.valdallos.com\/medias\/images\/prestataires\/multitailles\/800x600_136943-le_croustet2.jpg"},"640x480":{"url":"https:\/\/www.valdallos.com\/medias\/images\/prestataires\/multitailles\/640x480_136943-le_croustet2.jpg"},"320x240":{"url":"https:\/\/www.valdallos.com\/medias\/images\/prestataires\/multitailles\/320x240_136943-le_croustet2.jpg"},"160x120":{"url":"https:\/\/www.valdallos.com\/medias\/images\/prestataires\/multitailles\/160x120_136943-le_croustet2.jpg"},"origine":{"url":"https:\/\/www.valdallos.com\/medias\/images\/prestataires\/136943-le_croustet2.jpg"}},"urlLien":"","typeLien":"","nofollow":"N","copyright":"B Courbon"},{"url":"https:\/\/www.valdallos.com\/medias\/images\/prestataires\/136944-le_croustet_ot.jpg","chemin":"..\/medias\/images\/prestataires\/136944-le_croustet_ot.jpg","libelle":"Vue d'ensemble du restaurant en hiver, b\u00e2timent en pierre et bois sur 2 niveaux avec terrasse en bois au RDC, tables, chaises. Prairie enneig\u00e9e devant le restaurant. Panneau en bois \"Le Croustet\"","extension":"jpg","categorie":"","largeur":1200,"theme":"HIVER","hauteur":900,"type":"Image","origine":"","liaisonPave":"","langue":"","id":"136944","urlVignette":"https:\/\/www.valdallos.com\/medias\/images\/prestataires\/v-136944-le_croustet_ot.jpg","alt":"Vue d'ensemble du restaurant en hiver, b\u00e2timent en pierre et bois sur 2 niveaux avec terrasse en bois au RDC, tables, chaises. Prairie enneig\u00e9e devant le restaurant. Panneau en bois \"Le Croustet\"","title":"Vue d'ensemble du restaurant en hiver, b\u00e2timent en pierre et bois sur 2 niveaux avec terrasse en bois au RDC, tables, chaises. Prairie enneig\u00e9e devant le restaurant. Panneau en bois \"Le Croustet\"","MultiTaille":{"1920x1440":{"url":"https:\/\/www.valdallos.com\/medias\/images\/prestataires\/multitailles\/1920x1440_136944-le_croustet_ot.jpg"},"1200x900":{"url":"https:\/\/www.valdallos.com\/medias\/images\/prestataires\/multitailles\/1200x900_136944-le_croustet_ot.jpg"},"800x600":{"url":"https:\/\/www.valdallos.com\/medias\/images\/prestataires\/multitailles\/800x600_136944-le_croustet_ot.jpg"},"640x480":{"url":"https:\/\/www.valdallos.com\/medias\/images\/prestataires\/multitailles\/640x480_136944-le_croustet_ot.jpg"},"320x240":{"url":"https:\/\/www.valdallos.com\/medias\/images\/prestataires\/multitailles\/320x240_136944-le_croustet_ot.jpg"},"160x120":{"url":"https:\/\/www.valdallos.com\/medias\/images\/prestataires\/multitailles\/160x120_136944-le_croustet_ot.jpg"},"origine":{"url":"https:\/\/www.valdallos.com\/medias\/images\/prestataires\/136944-le_croustet_ot.jpg"}},"urlLien":"","typeLien":"","nofollow":"N","copyright":"office de tourisme du Val d'Allos CB"},{"url":"https:\/\/www.valdallos.com\/medias\/images\/prestataires\/136945-croustet.jpg","chemin":"..\/medias\/images\/prestataires\/136945-croustet.jpg","libelle":"D\u00e9tail de la fa\u00e7ade du restaurant avec le panneau en bois \"Le Croustet\" sous la neige, tables et chaises","extension":"jpg","categorie":"","largeur":800,"theme":"HIVER","hauteur":533,"type":"Image","origine":"","liaisonPave":"","langue":"","id":"136945","urlVignette":"https:\/\/www.valdallos.com\/medias\/images\/prestataires\/v-136945-croustet.jpg","alt":"D\u00e9tail de la fa\u00e7ade du restaurant avec le panneau en bois \"Le Croustet\" sous la neige, tables et chaises","title":"D\u00e9tail de la fa\u00e7ade du restaurant avec le panneau en bois \"Le Croustet\" sous la neige, tables et chaises","MultiTaille":{"1920x1440":{"url":"https:\/\/www.valdallos.com\/medias\/images\/prestataires\/multitailles\/1920x1440_136945-croustet.jpg"},"1200x900":{"url":"https:\/\/www.valdallos.com\/medias\/images\/prestataires\/multitailles\/1200x900_136945-croustet.jpg"},"800x600":{"url":"https:\/\/www.valdallos.com\/medias\/images\/prestataires\/multitailles\/800x600_136945-croustet.jpg"},"640x480":{"url":"https:\/\/www.valdallos.com\/medias\/images\/prestataires\/multitailles\/640x480_136945-croustet.jpg"},"320x240":{"url":"https:\/\/www.valdallos.com\/medias\/images\/prestataires\/multitailles\/320x240_136945-croustet.jpg"},"160x120":{"url":"https:\/\/www.valdallos.com\/medias\/images\/prestataires\/multitailles\/160x120_136945-croustet.jpg"},"origine":{"url":"https:\/\/www.valdallos.com\/medias\/images\/prestataires\/136945-croustet.jpg"}},"urlLien":"","typeLien":"","nofollow":"N","copyright":"office de tourisme du Val d'Allos R Palomba"}],"ByCategorie":{"":[{"url":"https:\/\/www.valdallos.com\/medias\/images\/prestataires\/136943-le_croustet2.jpg","chemin":"..\/medias\/images\/prestataires\/136943-le_croustet2.jpg","libelle":"Vue d'ensemble du restaurant, b\u00e2timent en pierre et bois sur 2 niveaux avec terrasse en bois au RDC, tables, chaises, parasols, chaises longues. Prairie devant le restaurant avec chaises longues.","extension":"jpg","categorie":"","largeur":1200,"theme":"ETE","hauteur":900,"type":"Image","origine":"","liaisonPave":"","langue":"","id":"136943","urlVignette":"https:\/\/www.valdallos.com\/medias\/images\/prestataires\/v-136943-le_croustet2.jpg","alt":"Vue d'ensemble du restaurant, b\u00e2timent en pierre et bois sur 2 niveaux avec terrasse en bois au RDC, tables, chaises, parasols, chaises longues. Prairie devant le restaurant avec chaises longues.","title":"Vue d'ensemble du restaurant, b\u00e2timent en pierre et bois sur 2 niveaux avec terrasse en bois au RDC, tables, chaises, parasols, chaises longues. Prairie devant le restaurant avec chaises longues.","MultiTaille":{"1920x1440":{"url":"https:\/\/www.valdallos.com\/medias\/images\/prestataires\/multitailles\/1920x1440_136943-le_croustet2.jpg"},"1200x900":{"url":"https:\/\/www.valdallos.com\/medias\/images\/prestataires\/multitailles\/1200x900_136943-le_croustet2.jpg"},"800x600":{"url":"https:\/\/www.valdallos.com\/medias\/images\/prestataires\/multitailles\/800x600_136943-le_croustet2.jpg"},"640x480":{"url":"https:\/\/www.valdallos.com\/medias\/images\/prestataires\/multitailles\/640x480_136943-le_croustet2.jpg"},"320x240":{"url":"https:\/\/www.valdallos.com\/medias\/images\/prestataires\/multitailles\/320x240_136943-le_croustet2.jpg"},"160x120":{"url":"https:\/\/www.valdallos.com\/medias\/images\/prestataires\/multitailles\/160x120_136943-le_croustet2.jpg"},"origine":{"url":"https:\/\/www.valdallos.com\/medias\/images\/prestataires\/136943-le_croustet2.jpg"}},"urlLien":"","typeLien":"","nofollow":"N","copyright":"B Courbon"},{"url":"https:\/\/www.valdallos.com\/medias\/images\/prestataires\/136944-le_croustet_ot.jpg","chemin":"..\/medias\/images\/prestataires\/136944-le_croustet_ot.jpg","libelle":"Vue d'ensemble du restaurant en hiver, b\u00e2timent en pierre et bois sur 2 niveaux avec terrasse en bois au RDC, tables, chaises. Prairie enneig\u00e9e devant le restaurant. Panneau en bois \"Le Croustet\"","extension":"jpg","categorie":"","largeur":1200,"theme":"HIVER","hauteur":900,"type":"Image","origine":"","liaisonPave":"","langue":"","id":"136944","urlVignette":"https:\/\/www.valdallos.com\/medias\/images\/prestataires\/v-136944-le_croustet_ot.jpg","alt":"Vue d'ensemble du restaurant en hiver, b\u00e2timent en pierre et bois sur 2 niveaux avec terrasse en bois au RDC, tables, chaises. Prairie enneig\u00e9e devant le restaurant. Panneau en bois \"Le Croustet\"","title":"Vue d'ensemble du restaurant en hiver, b\u00e2timent en pierre et bois sur 2 niveaux avec terrasse en bois au RDC, tables, chaises. Prairie enneig\u00e9e devant le restaurant. Panneau en bois \"Le Croustet\"","MultiTaille":{"1920x1440":{"url":"https:\/\/www.valdallos.com\/medias\/images\/prestataires\/multitailles\/1920x1440_136944-le_croustet_ot.jpg"},"1200x900":{"url":"https:\/\/www.valdallos.com\/medias\/images\/prestataires\/multitailles\/1200x900_136944-le_croustet_ot.jpg"},"800x600":{"url":"https:\/\/www.valdallos.com\/medias\/images\/prestataires\/multitailles\/800x600_136944-le_croustet_ot.jpg"},"640x480":{"url":"https:\/\/www.valdallos.com\/medias\/images\/prestataires\/multitailles\/640x480_136944-le_croustet_ot.jpg"},"320x240":{"url":"https:\/\/www.valdallos.com\/medias\/images\/prestataires\/multitailles\/320x240_136944-le_croustet_ot.jpg"},"160x120":{"url":"https:\/\/www.valdallos.com\/medias\/images\/prestataires\/multitailles\/160x120_136944-le_croustet_ot.jpg"},"origine":{"url":"https:\/\/www.valdallos.com\/medias\/images\/prestataires\/136944-le_croustet_ot.jpg"}},"urlLien":"","typeLien":"","nofollow":"N","copyright":"office de tourisme du Val d'Allos CB"},{"url":"https:\/\/www.valdallos.com\/medias\/images\/prestataires\/136945-croustet.jpg","chemin":"..\/medias\/images\/prestataires\/136945-croustet.jpg","libelle":"D\u00e9tail de la fa\u00e7ade du restaurant avec le panneau en bois \"Le Croustet\" sous la neige, tables et chaises","extension":"jpg","categorie":"","largeur":800,"theme":"HIVER","hauteur":533,"type":"Image","origine":"","liaisonPave":"","langue":"","id":"136945","urlVignette":"https:\/\/www.valdallos.com\/medias\/images\/prestataires\/v-136945-croustet.jpg","alt":"D\u00e9tail de la fa\u00e7ade du restaurant avec le panneau en bois \"Le Croustet\" sous la neige, tables et chaises","title":"D\u00e9tail de la fa\u00e7ade du restaurant avec le panneau en bois \"Le Croustet\" sous la neige, tables et chaises","MultiTaille":{"1920x1440":{"url":"https:\/\/www.valdallos.com\/medias\/images\/prestataires\/multitailles\/1920x1440_136945-croustet.jpg"},"1200x900":{"url":"https:\/\/www.valdallos.com\/medias\/images\/prestataires\/multitailles\/1200x900_136945-croustet.jpg"},"800x600":{"url":"https:\/\/www.valdallos.com\/medias\/images\/prestataires\/multitailles\/800x600_136945-croustet.jpg"},"640x480":{"url":"https:\/\/www.valdallos.com\/medias\/images\/prestataires\/multitailles\/640x480_136945-croustet.jpg"},"320x240":{"url":"https:\/\/www.valdallos.com\/medias\/images\/prestataires\/multitailles\/320x240_136945-croustet.jpg"},"160x120":{"url":"https:\/\/www.valdallos.com\/medias\/images\/prestataires\/multitailles\/160x120_136945-croustet.jpg"},"origine":{"url":"https:\/\/www.valdallos.com\/medias\/images\/prestataires\/136945-croustet.jpg"}},"urlLien":"","typeLien":"","nofollow":"N","copyright":"office de tourisme du Val d'Allos R Palomba"}]}},"Url":"snack-le-croustet.html","Localisation":{"GoogleMap":{"Latitude":"44.241372","Longitude":"6.626529"},"PlanStation":{"idPlan":"7","nomPlan":"[NEW] Plan Village Allos","carte":"\/plan\/plan_village_2018[HIVER_FR[.jpg","PositionAbs":"1135","PositionOrd":"371"}},"ZoneGeo":"","Criteres":{"TINFADH[TDEB":"20200829","TINFADH[TFIN":"","TADHER[ROFFIC":"","ZONEGEO[FRPA04VAV1400":"","PUBLICATION[VALDALLOS":"","P.22[1089":"","P.22[723":"","P.126[1321":"","P.services[687":"","P.119[1177":"","P.119[1212":"","P.119[1217":"","P.119[1223":"","P.prestations[animauxAcceptes":"","P.prestations[surchargeTourismesAdaptes":"","P.prestations[surchargeDescriptifHandicapMoteur":"","P.prestations[surchargeDescriptifHandicapAuditif":"","P.prestations[surchargeDescriptifHandicapVisuel":"","P.prestations[surchargeDescriptifHandicapMental":"","P.prestations[surchargeNombreFauteuilsRoulants":"","P.languesParlees[1192":"","P.languesParlees[1194":"","P.languesParlees[1197":"","P.114[418":"","P.114[435":"","P.modesPaiement[1271":"","P.modesPaiement[1277":"","P.tourismeAffaires[tourismeAffairesEnabled":"","P.tourismeAffaires[devise":"EUR","P.restaurationType[2866":"","P.categories[2887":"","P.capacite[nombreSalles":"1","P.capacite[nombreMaximumCouverts":"15","P.capacite[nombreCouvertsTerrasse":"30","P.CINTSITRA[5660":"","P.CINTSITRA[5663":"","P.CINTSITRA[5664":"","P.CINTSITRA[8809":"","P.6241[126905":"","P.6241[5740912":"","P.3218[311229":"","P.3220[587401":"","P.3220[5575332":"","P.3233[591419":"","P.3221[4876304":"","P.3219[5127127":"","P.3219[5239406":"","P.3219[6436838":"","P.3240[5778284":"","P.6242[5843488":"","P.3230[6139211":"","P.VilleSitra[1559":"","P.VillageDeDepart[1559":""},"DateFinPublication":"","PrixAPartirDe":"","PrixPour":"","FicheListeEnCours":"fiche_liste_restaurants_OT_v2018","ParametresModele":{"AfficherPhotos":1,"NbPhotosMax":6,"AfficherReserver":0,"AfficherContact":"1","AfficherSalle":1,"AfficherZoneGeo":0,"AfficherEnSavoirPlus":"0","AfficherUneSeuleOuverture":0,"AfficherContactCarte":1,"AfficherTarifsChaudAPartirDe":0,"AfficherTarifChaudSansRecherche":0,"AffichageCoordonnees":"Telephone|TelephoneBureau|Portable","AfficherAvis":"0","AfficherAvisIngenie":"1","BlocCritereInfo":{"critere1":{"libelle":""},"critere2":{"libelle":""},"critere3":{"libelle":""},"critere4":{"libelle":""},"critere5":{"libelle":"","liste_critere":["P.113|1593|T","P.113|1680|T"]},"critere6":{"libelle":""},"critere7":{"libelle":"","liste_critere":["ZONEGEO|T"]},"critere8":{"libelle":""},"critere9":{"libelle":""},"afficherpictoetpaslibelle":"1"},"Criteres":"PUBLICATION[VALDALLOS","PositionBloc":"GALLERIE|NOM|ADRESSE|DESCRIPTIF|CRITERESORDONNEES|ZONEPRINCIPALFICHEPRESTA|AVIS|LIEN_RESERVER_DETAIL|DISPO|CARNET_VOYAGE|URL","TypePrestataire":"T","ComportementResa":false,"ComportementDispo":false},"AffichageCoordonnees":{"Portable":"06 21 57 19 01"},"Coordonnees":{"Ville":"Allos"},"ContexteId":"PRESTATAIRE|T|832829","ContexteIdHtml":"PRESTATAIRE-T-832829","cleContexte":"T|832829","Bloc":{"texte1":"","texte3":"","critere1":{"libelle":"","contenu":[]},"critere2":{"libelle":"","contenu":[]},"critere3":{"libelle":"","contenu":[]},"critere4":{"libelle":"","contenu":[]},"critere5":{"libelle":"","contenu":[]},"critere6":{"libelle":"","contenu":[]},"critere7":{"libelle":"","contenu":{"ZONEGEO":{"libelle":"Citt\u00e0","contenu":{"3":"Val d'Allos le Village"},"codesValeurs":{"3":"ZONEGEO|FRPA04VAV1400|T"},"criteres_datas":{"valeurs":{"3":{"FRPA04VAV1400":{"descriptif":""}}}}}}},"critere8":{"libelle":"","contenu":[]},"critere9":{"libelle":"","contenu":[]}},"LocalisationGps":{"Latitude":"44.241372","Longitude":"6.626529"},"libelleDuPrestataire":"","listeCriteres":{"TINFADH":{"TDEB":"20200829","TFIN":""},"TADHER":{"ROFFIC":""},"ZONEGEO":{"FRPA04VAV1400":""},"PUBLICATION":{"VALDALLOS":""},"P.22":{"1089":"","723":""},"P.126":{"1321":""},"P.services":{"687":""},"P.119":{"1177":"","1212":"","1217":"","1223":""},"P.prestations":{"animauxAcceptes":"","surchargeTourismesAdaptes":"","surchargeDescriptifHandicapMoteur":"","surchargeDescriptifHandicapAuditif":"","surchargeDescriptifHandicapVisuel":"","surchargeDescriptifHandicapMental":"","surchargeNombreFauteuilsRoulants":""},"P.languesParlees":{"1192":"","1194":"","1197":""},"P.114":{"418":"","435":""},"P.modesPaiement":{"1271":"","1277":""},"P.tourismeAffaires":{"tourismeAffairesEnabled":"","devise":"EUR"},"P.restaurationType":{"2866":""},"P.categories":{"2887":""},"P.capacite":{"nombreSalles":"1","nombreMaximumCouverts":"15","nombreCouvertsTerrasse":"30"},"P.CINTSITRA":{"5660":"","5663":"","5664":"","8809":""},"P.6241":{"126905":"","5740912":""},"P.3218":{"311229":""},"P.3220":{"587401":"","5575332":""},"P.3233":{"591419":""},"P.3221":{"4876304":""},"P.3219":{"5127127":"","5239406":"","6436838":""},"P.3240":{"5778284":""},"P.6242":{"5843488":""},"P.3230":{"6139211":""},"P.VilleSitra":{"1559":""},"P.VillageDeDepart":{"1559":""}},"dansCarnetVoyage":true,"Ouverture":""},"html":" \n \u003Cdiv id=\"CV-PRESTATAIRE-T-832829\" data-contexte-id=\"PRESTATAIRE|T|832829\" data-cle=\"T|832829\" class=\"fiche-liste\"\u003E\n    \n\n    \u003C!-- partie photo --\u003E\n    \u003Cdiv class=\"photo\"\u003E\t\t\t\t\t\t\t\t\t\t\t\t\t\t\t\t\t\t\t\t\t\n        \u003Cdiv class=\"cadre_photo_principale\"\u003E\t\t\n        \n            \t\t\t\t\t\n                    \u003Ca href=\"snack-le-croustet.html?origine=carnet#media\"\u003E\n                        \u003Cimg class=\"photo_principale\" alt=\"Vue d'ensemble du restaurant, b\u00e2timent en pierre et bois sur 2 niveaux avec terrasse en bois au RDC, tables, chaises, parasols, chaises longues. Prairie devant le restaurant avec chaises longues.\" src=\"https:\/\/www.valdallos.com\/medias\/images\/prestataires\/multitailles\/320x240_136943-le_croustet2.jpg\" itemprop=\"image\"\u003E\n                    \u003C\/a\u003E\t\t\t\t\t\t\n                \n                    \u003C\/div\u003E\t\t\t\t\t\t\t\t\t\t\t\t\t\t\t\t\t\t\t \t\t\n    \u003C\/div\u003E\n    \n    \u003C!-- partie nom prest --\u003E\n    \u003Cdiv class=\"nom\"\u003E\n        \u003Ch2\u003ESnack le Croustet\u003C\/h2\u003E\n        \n            \u003C\/div\u003E\n\n         \n    \u003C!-- partie adresse --\u003E\n    \u003Cdiv class=\"adresse\"\u003E\n    \n          \n    \u003C\/div\u003E\n    \n    \u003C!-- partie liens --\u003E\n    \u003Cdiv class=\"liens\"\u003E\n            \u003Ca class=\"btn-icon btn-view \" title=\"Vedi il file dettagliato\" href=\"snack-le-croustet.html?origine=carnet\"\u003E\u003C\/a\u003E\u003C!--\u003Ca class=\"btn-icon btn-view \" title=\"\" href=\"?origine=carnet#thaut\"\u003E\u003C\/a\u003E--\u003E\n      \u003Ca class=\"btn-icon btn-trash carnet_voyage_supprimer\" title=\"Elimina questo file dal mio diario di viaggio\" href=\"carnet-voyage?action=remove&fiche=T|832829\"\u003E\u003C\/a\u003E\n    \u003C\/div\u003E\n\n\u003C\/div\u003E\n\n","icon":"https:\/\/static.ingenie.fr\/images\/carnetVoyageV3\/T.png"},"fiche":"T|832829","popup":"\u003Cdiv id=\"bloc_popup_ajout_fiche_carnet\"\u003E\n    \u003Cdiv class=\"info_popup_ajout_fiche_carnet\"\u003E\n        Hai appena aggiunto questo elemento alla tua selezione:    \u003C\/div\u003E\n    \u003Cdiv class=\"prest_popup_ajout_fiche_carnet\"\u003E\n        Snack le Croustet    \u003C\/div\u003E\n    \u003Cdiv class=\"bloc_btn_ajout_fiche_carnet form_submit_div\"\u003E\n        \u003Cinput type=\"button\" value=\"Continua la mia selezione\" title=\"Continua la mia selezione\" name=\"btn_close\" class=\"btn_close_popup_carnet form_submit\" onclick=\"$.colorbox.close()\" \/\u003E\n        \u003Cinput type=\"button\" value=\"Visualizza la mia selezione\" title=\"Visualizza la mia selezione\" name=\"btn_panier\" class=\"btn_panier_popup_carnet form_submit\" onclick=\"if(typeof CarnetVoyage != 'undefined') {CarnetVoyage.voirCarnet();}\" \/\u003E\n    \u003C\/div\u003E\n    \u003Cdiv class=\"bloc_btn_ajout_fiche_carnet\"\u003E\n        \u003Cinput type=\"checkbox\" value=\"1\" name=\"desactiver_popup\" id=\"desactiver_popup\" \/\u003E\n        \u003Clabel for=\"desactiver_popup\"\u003ENon visualizzare pi\u00f9 questo messaggio\u003C\/label\u003E\n    \u003C\/div\u003E\n\u003C\/div\u003E","success":1}