{"nbFiches":2,"dataPrest":{"infoPrest":{"pave1":{"libelle":"Descriptif","contenu":"Ristorante e snack bar"},"pave2":{"libelle":"URL de la r\u00e9servation ou vente en ligne","contenu":""},"pave3":{"libelle":"Descriptif court","contenu":""},"pave4":{"libelle":"Descriptif d\u00e9taill\u00e9","contenu":""},"pave5":{"libelle":"Bons plans","contenu":""},"pave6":{"libelle":"Compl\u00e9ment localisation","contenu":""},"pave7":{"libelle":"Compl\u00e9ment accueil","contenu":""},"pave8":{"libelle":"P\u00e9riodes en clair","contenu":"Dal 13\/12\/2025 al 07\/04\/2026 ogni giorno."},"pave9":{"libelle":"Tarifs en clair","contenu":""},"pave10":{"libelle":"Compl\u00e9ment Tarifs","contenu":""},"pave11":{"libelle":"Compl\u00e9ment R\u00e9servation","contenu":""},"pave12":{"libelle":"Descriptif court","contenu":""},"pave13":{"libelle":"Descriptif d\u00e9taill\u00e9","contenu":""},"pave14":{"libelle":"Bons plans","contenu":""},"pave15":{"libelle":"Tarifs (Tarifs en clair, Compl\u00e9ment Tarifs)","contenu":""},"pave16":{"libelle":"P\u00e9riodes en clair","contenu":""},"pave17":{"libelle":"Descriptif court","contenu":""},"pave18":{"libelle":"Descriptif d\u00e9taill\u00e9","contenu":""},"pave19":{"libelle":"Bons plans","contenu":""},"pave20":{"libelle":"Tarifs (Tarifs en clair, Compl\u00e9ment Tarifs)","contenu":""},"pave21":{"libelle":"P\u00e9riodes en clair","contenu":""},"pave22":{"libelle":"Dispositions sp\u00e9ciales","contenu":""},"pave23":{"libelle":"Nouveaut\u00e9s","contenu":""},"pave24":{"libelle":"Gestes pour l'environnement","contenu":""},"pave25":{"libelle":"","contenu":""},"ContactsParType":{"":{"118128":{"id_contact":"118128","type_contact":"","categorie_contact":"PRESTATAIRE","societe_contact":"","fonction_contact":"","civilite_nom_prenom_contact":"M Martinot Pierre ","adresse1_contact":"","adresse2_contact":"","adresse3_contact":"","cpostal_contact":"","ville_contact":"","teldom_contact":"","telbur_contact":"","fax_contact":"","portable_contact":"","email_contact":"","siteweb_contact":"","commentaire_contact":"","langue_contact":"","autre_moyen_com":[]}}},"ZoneGeoLibelle":"Val d\u2019Allos \u2013 La Foux","Libelle":"Ristorante l'Igloo","Nom":"Restaurant l'Igloo","Prenom":"","NomPrenom":"Restaurant l'Igloo ","CiviliteNomPrenom":"Restaurant l'Igloo ","Cle":"T|896357","PrestataireParent":"","ContexteStat":"PRESTATAIRE-T-896357","DateModificationIso":"2026-04-15T00:11:00+02:00","Type":"PRESTATAIRE","TypePrestataire":"T","Adresse":{"LigneAdresse1":"1103 route des sources du Verdon","LigneAdresse2":"Val d'Allos - La Foux","LigneAdresse3":"","CodePostal":"04260","Ville":"La Foux d\u2019Allos","Cedex":"","Etat":"","Pays":"FRA"},"Email":"igloo04260@gmail.com","Telephone":"04 92 89 02 73","TelephoneBureau":"","Portable":"","SiteWeb":"","Fax":"","Id":"t-896357","Code":"T|896357","Fichier":{"Image":[{"url":"https:\/\/www.valdallos.com\/medias\/images\/prestataires\/139024-igloo_p_martinot.jpg","chemin":"..\/medias\/images\/prestataires\/139024-igloo_p_martinot.jpg","libelle":"Vue nocturne du restaurant, chalet en bois et pierre de 3 \u00e9tages avec terrasse ext\u00e9rieure au RDC, tables et chaises. Banderole \"Restaurant l'Igloo\"","extension":"jpg","categorie":"","largeur":800,"theme":"","hauteur":600,"type":"Image","origine":"","liaisonPave":"","langue":"","id":"139024","urlVignette":"https:\/\/www.valdallos.com\/medias\/images\/prestataires\/v-139024-igloo_p_martinot.jpg","alt":"Vue nocturne du restaurant, chalet en bois et pierre de 3 \u00e9tages avec terrasse ext\u00e9rieure au RDC, tables et chaises. Banderole \"Restaurant l'Igloo\"","title":"Vue nocturne du restaurant, chalet en bois et pierre de 3 \u00e9tages avec terrasse ext\u00e9rieure au RDC, tables et chaises. Banderole \"Restaurant l'Igloo\"","MultiTaille":{"1920x1440":{"url":"https:\/\/www.valdallos.com\/medias\/images\/prestataires\/multitailles\/1920x1440_139024-igloo_p_martinot.jpg"},"1200x900":{"url":"https:\/\/www.valdallos.com\/medias\/images\/prestataires\/multitailles\/1200x900_139024-igloo_p_martinot.jpg"},"800x600":{"url":"https:\/\/www.valdallos.com\/medias\/images\/prestataires\/multitailles\/800x600_139024-igloo_p_martinot.jpg"},"640x480":{"url":"https:\/\/www.valdallos.com\/medias\/images\/prestataires\/multitailles\/640x480_139024-igloo_p_martinot.jpg"},"320x240":{"url":"https:\/\/www.valdallos.com\/medias\/images\/prestataires\/multitailles\/320x240_139024-igloo_p_martinot.jpg"},"160x120":{"url":"https:\/\/www.valdallos.com\/medias\/images\/prestataires\/multitailles\/160x120_139024-igloo_p_martinot.jpg"},"origine":{"url":"https:\/\/www.valdallos.com\/medias\/images\/prestataires\/139024-igloo_p_martinot.jpg"}},"urlLien":"","typeLien":"","nofollow":"N","copyright":"P Martinot"},{"url":"https:\/\/www.valdallos.com\/medias\/images\/prestataires\/139025-igloo_p_martinot3.jpg","chemin":"..\/medias\/images\/prestataires\/139025-igloo_p_martinot3.jpg","libelle":"Salle int\u00e9rieure du restaurant, centr\u00e9e autour d'une large chemin\u00e9e, ambiance cossue avec tables et chaises, bancs, TV","extension":"jpg","categorie":"","largeur":800,"theme":"","hauteur":600,"type":"Image","origine":"","liaisonPave":"","langue":"","id":"139025","urlVignette":"https:\/\/www.valdallos.com\/medias\/images\/prestataires\/v-139025-igloo_p_martinot3.jpg","alt":"Salle int\u00e9rieure du restaurant, centr\u00e9e autour d'une large chemin\u00e9e, ambiance cossue avec tables et chaises, bancs, TV","title":"Salle int\u00e9rieure du restaurant, centr\u00e9e autour d'une large chemin\u00e9e, ambiance cossue avec tables et chaises, bancs, TV","MultiTaille":{"1920x1440":{"url":"https:\/\/www.valdallos.com\/medias\/images\/prestataires\/multitailles\/1920x1440_139025-igloo_p_martinot3.jpg"},"1200x900":{"url":"https:\/\/www.valdallos.com\/medias\/images\/prestataires\/multitailles\/1200x900_139025-igloo_p_martinot3.jpg"},"800x600":{"url":"https:\/\/www.valdallos.com\/medias\/images\/prestataires\/multitailles\/800x600_139025-igloo_p_martinot3.jpg"},"640x480":{"url":"https:\/\/www.valdallos.com\/medias\/images\/prestataires\/multitailles\/640x480_139025-igloo_p_martinot3.jpg"},"320x240":{"url":"https:\/\/www.valdallos.com\/medias\/images\/prestataires\/multitailles\/320x240_139025-igloo_p_martinot3.jpg"},"160x120":{"url":"https:\/\/www.valdallos.com\/medias\/images\/prestataires\/multitailles\/160x120_139025-igloo_p_martinot3.jpg"},"origine":{"url":"https:\/\/www.valdallos.com\/medias\/images\/prestataires\/139025-igloo_p_martinot3.jpg"}},"urlLien":"","typeLien":"","nofollow":"N","copyright":"P Martinot"},{"url":"https:\/\/www.valdallos.com\/medias\/images\/prestataires\/139026-igloo_p_martinot2.jpg","chemin":"..\/medias\/images\/prestataires\/139026-igloo_p_martinot2.jpg","libelle":"Terrasse en bois du restaurant de nuit, tables et chaises","extension":"jpg","categorie":"","largeur":800,"theme":"","hauteur":600,"type":"Image","origine":"","liaisonPave":"","langue":"","id":"139026","urlVignette":"https:\/\/www.valdallos.com\/medias\/images\/prestataires\/v-139026-igloo_p_martinot2.jpg","alt":"Terrasse en bois du restaurant de nuit, tables et chaises","title":"Terrasse en bois du restaurant de nuit, tables et chaises","MultiTaille":{"1920x1440":{"url":"https:\/\/www.valdallos.com\/medias\/images\/prestataires\/multitailles\/1920x1440_139026-igloo_p_martinot2.jpg"},"1200x900":{"url":"https:\/\/www.valdallos.com\/medias\/images\/prestataires\/multitailles\/1200x900_139026-igloo_p_martinot2.jpg"},"800x600":{"url":"https:\/\/www.valdallos.com\/medias\/images\/prestataires\/multitailles\/800x600_139026-igloo_p_martinot2.jpg"},"640x480":{"url":"https:\/\/www.valdallos.com\/medias\/images\/prestataires\/multitailles\/640x480_139026-igloo_p_martinot2.jpg"},"320x240":{"url":"https:\/\/www.valdallos.com\/medias\/images\/prestataires\/multitailles\/320x240_139026-igloo_p_martinot2.jpg"},"160x120":{"url":"https:\/\/www.valdallos.com\/medias\/images\/prestataires\/multitailles\/160x120_139026-igloo_p_martinot2.jpg"},"origine":{"url":"https:\/\/www.valdallos.com\/medias\/images\/prestataires\/139026-igloo_p_martinot2.jpg"}},"urlLien":"","typeLien":"","nofollow":"N","copyright":"P Martinot"}],"ByCategorie":{"":[{"url":"https:\/\/www.valdallos.com\/medias\/images\/prestataires\/139024-igloo_p_martinot.jpg","chemin":"..\/medias\/images\/prestataires\/139024-igloo_p_martinot.jpg","libelle":"Vue nocturne du restaurant, chalet en bois et pierre de 3 \u00e9tages avec terrasse ext\u00e9rieure au RDC, tables et chaises. Banderole \"Restaurant l'Igloo\"","extension":"jpg","categorie":"","largeur":800,"theme":"","hauteur":600,"type":"Image","origine":"","liaisonPave":"","langue":"","id":"139024","urlVignette":"https:\/\/www.valdallos.com\/medias\/images\/prestataires\/v-139024-igloo_p_martinot.jpg","alt":"Vue nocturne du restaurant, chalet en bois et pierre de 3 \u00e9tages avec terrasse ext\u00e9rieure au RDC, tables et chaises. Banderole \"Restaurant l'Igloo\"","title":"Vue nocturne du restaurant, chalet en bois et pierre de 3 \u00e9tages avec terrasse ext\u00e9rieure au RDC, tables et chaises. Banderole \"Restaurant l'Igloo\"","MultiTaille":{"1920x1440":{"url":"https:\/\/www.valdallos.com\/medias\/images\/prestataires\/multitailles\/1920x1440_139024-igloo_p_martinot.jpg"},"1200x900":{"url":"https:\/\/www.valdallos.com\/medias\/images\/prestataires\/multitailles\/1200x900_139024-igloo_p_martinot.jpg"},"800x600":{"url":"https:\/\/www.valdallos.com\/medias\/images\/prestataires\/multitailles\/800x600_139024-igloo_p_martinot.jpg"},"640x480":{"url":"https:\/\/www.valdallos.com\/medias\/images\/prestataires\/multitailles\/640x480_139024-igloo_p_martinot.jpg"},"320x240":{"url":"https:\/\/www.valdallos.com\/medias\/images\/prestataires\/multitailles\/320x240_139024-igloo_p_martinot.jpg"},"160x120":{"url":"https:\/\/www.valdallos.com\/medias\/images\/prestataires\/multitailles\/160x120_139024-igloo_p_martinot.jpg"},"origine":{"url":"https:\/\/www.valdallos.com\/medias\/images\/prestataires\/139024-igloo_p_martinot.jpg"}},"urlLien":"","typeLien":"","nofollow":"N","copyright":"P Martinot"},{"url":"https:\/\/www.valdallos.com\/medias\/images\/prestataires\/139025-igloo_p_martinot3.jpg","chemin":"..\/medias\/images\/prestataires\/139025-igloo_p_martinot3.jpg","libelle":"Salle int\u00e9rieure du restaurant, centr\u00e9e autour d'une large chemin\u00e9e, ambiance cossue avec tables et chaises, bancs, TV","extension":"jpg","categorie":"","largeur":800,"theme":"","hauteur":600,"type":"Image","origine":"","liaisonPave":"","langue":"","id":"139025","urlVignette":"https:\/\/www.valdallos.com\/medias\/images\/prestataires\/v-139025-igloo_p_martinot3.jpg","alt":"Salle int\u00e9rieure du restaurant, centr\u00e9e autour d'une large chemin\u00e9e, ambiance cossue avec tables et chaises, bancs, TV","title":"Salle int\u00e9rieure du restaurant, centr\u00e9e autour d'une large chemin\u00e9e, ambiance cossue avec tables et chaises, bancs, TV","MultiTaille":{"1920x1440":{"url":"https:\/\/www.valdallos.com\/medias\/images\/prestataires\/multitailles\/1920x1440_139025-igloo_p_martinot3.jpg"},"1200x900":{"url":"https:\/\/www.valdallos.com\/medias\/images\/prestataires\/multitailles\/1200x900_139025-igloo_p_martinot3.jpg"},"800x600":{"url":"https:\/\/www.valdallos.com\/medias\/images\/prestataires\/multitailles\/800x600_139025-igloo_p_martinot3.jpg"},"640x480":{"url":"https:\/\/www.valdallos.com\/medias\/images\/prestataires\/multitailles\/640x480_139025-igloo_p_martinot3.jpg"},"320x240":{"url":"https:\/\/www.valdallos.com\/medias\/images\/prestataires\/multitailles\/320x240_139025-igloo_p_martinot3.jpg"},"160x120":{"url":"https:\/\/www.valdallos.com\/medias\/images\/prestataires\/multitailles\/160x120_139025-igloo_p_martinot3.jpg"},"origine":{"url":"https:\/\/www.valdallos.com\/medias\/images\/prestataires\/139025-igloo_p_martinot3.jpg"}},"urlLien":"","typeLien":"","nofollow":"N","copyright":"P Martinot"},{"url":"https:\/\/www.valdallos.com\/medias\/images\/prestataires\/139026-igloo_p_martinot2.jpg","chemin":"..\/medias\/images\/prestataires\/139026-igloo_p_martinot2.jpg","libelle":"Terrasse en bois du restaurant de nuit, tables et chaises","extension":"jpg","categorie":"","largeur":800,"theme":"","hauteur":600,"type":"Image","origine":"","liaisonPave":"","langue":"","id":"139026","urlVignette":"https:\/\/www.valdallos.com\/medias\/images\/prestataires\/v-139026-igloo_p_martinot2.jpg","alt":"Terrasse en bois du restaurant de nuit, tables et chaises","title":"Terrasse en bois du restaurant de nuit, tables et chaises","MultiTaille":{"1920x1440":{"url":"https:\/\/www.valdallos.com\/medias\/images\/prestataires\/multitailles\/1920x1440_139026-igloo_p_martinot2.jpg"},"1200x900":{"url":"https:\/\/www.valdallos.com\/medias\/images\/prestataires\/multitailles\/1200x900_139026-igloo_p_martinot2.jpg"},"800x600":{"url":"https:\/\/www.valdallos.com\/medias\/images\/prestataires\/multitailles\/800x600_139026-igloo_p_martinot2.jpg"},"640x480":{"url":"https:\/\/www.valdallos.com\/medias\/images\/prestataires\/multitailles\/640x480_139026-igloo_p_martinot2.jpg"},"320x240":{"url":"https:\/\/www.valdallos.com\/medias\/images\/prestataires\/multitailles\/320x240_139026-igloo_p_martinot2.jpg"},"160x120":{"url":"https:\/\/www.valdallos.com\/medias\/images\/prestataires\/multitailles\/160x120_139026-igloo_p_martinot2.jpg"},"origine":{"url":"https:\/\/www.valdallos.com\/medias\/images\/prestataires\/139026-igloo_p_martinot2.jpg"}},"urlLien":"","typeLien":"","nofollow":"N","copyright":"P Martinot"}]}},"Url":"ristorante-l-igloo.html","Localisation":{"GoogleMap":{"Latitude":"44.291138","Longitude":"6.569657"},"PlanStation":{"idPlan":"6","nomPlan":"[NEW] Plan La Foux","carte":"\/plan\/plan_station_2018[HIVER_FR[.jpg","PositionAbs":"756","PositionOrd":"273"}},"ZoneGeo":"","Criteres":{"TINFADH[TDEB":"20160819","TINFADH[TCOMM":"","TADHER[ROFFIC":"","ZONEGEO[FRPA04VAV1800":"","PUBLICATION[VALDALLOS":"","P.services[687":"","P.119[1177":"","P.119[7386":"","P.prestations[animauxAcceptes":"","P.prestations[surchargeTourismesAdaptes":"","P.prestations[surchargeDescriptifHandicapMoteur":"","P.prestations[surchargeDescriptifHandicapAuditif":"","P.prestations[surchargeDescriptifHandicapVisuel":"","P.prestations[surchargeDescriptifHandicapMental":"","P.prestations[surchargeNombreFauteuilsRoulants":"","P.languesParlees[1189":"","P.languesParlees[1192":"","P.languesParlees[1194":"","P.languesParlees[1200":"","P.tourismesAdaptes[3651":"","P.environnements[171":"","P.environnements[178":"","P.environnements[184":"","P.environnements[193":"","P.114[416":"","P.114[435":"","P.114[436":"","P.modesPaiement[1268":"","P.modesPaiement[1271":"","P.tourismeAffaires[tourismeAffairesEnabled":"","P.tourismeAffaires[devise":"EUR","P.restaurationType[2866":"","P.specialites[7254":"","P.categories[2883":"","P.capacite[nombreMaximumCouverts":"45","P.capacite[nombreCouvertsTerrasse":"40","P.CINTSITRA[5660":"","P.CINTSITRA[5664":"","P.CINTSITRA[8809":"","P.6241[126905":"","P.6241[5740912":"","P.3218[311229":"","P.3220[587401":"","P.3220[5575332":"","P.3233[591419":"","P.3221[4876304":"","P.3219[5127066":"","P.3219[5239406":"","P.3240[5778284":"","P.3230[6139211":"","P.VilleSitra[37282":"","P.VillageDeDepart[37282":""},"DateFinPublication":"","PrixAPartirDe":"","PrixPour":"","FicheListeEnCours":"fiche_liste_restaurants_OT_v2018","ParametresModele":{"AfficherPhotos":1,"NbPhotosMax":6,"AfficherReserver":0,"AfficherContact":"1","AfficherSalle":1,"AfficherZoneGeo":0,"AfficherEnSavoirPlus":"0","AfficherUneSeuleOuverture":0,"AfficherContactCarte":1,"AfficherTarifsChaudAPartirDe":0,"AfficherTarifChaudSansRecherche":0,"AffichageCoordonnees":"Telephone|TelephoneBureau|Portable","AfficherAvis":"0","AfficherAvisIngenie":"1","BlocCritereInfo":{"critere1":{"libelle":""},"critere2":{"libelle":""},"critere3":{"libelle":""},"critere4":{"libelle":""},"critere5":{"libelle":"","liste_critere":["P.113|1593|T","P.113|1680|T"]},"critere6":{"libelle":""},"critere7":{"libelle":"","liste_critere":["ZONEGEO|T"]},"critere8":{"libelle":""},"critere9":{"libelle":""},"afficherpictoetpaslibelle":"1"},"Criteres":"PUBLICATION[VALDALLOS","PositionBloc":"GALLERIE|NOM|ADRESSE|DESCRIPTIF|CRITERESORDONNEES|ZONEPRINCIPALFICHEPRESTA|AVIS|LIEN_RESERVER_DETAIL|DISPO|CARNET_VOYAGE|URL","TypePrestataire":"T","ComportementResa":false,"ComportementDispo":false},"AffichageCoordonnees":{"Telephone":"04 92 89 02 73"},"Coordonnees":{"Ville":"La Foux d\u2019Allos"},"ContexteId":"PRESTATAIRE|T|896357","ContexteIdHtml":"PRESTATAIRE-T-896357","cleContexte":"T|896357","Bloc":{"texte1":"","texte3":"","critere1":{"libelle":"","contenu":[]},"critere2":{"libelle":"","contenu":[]},"critere3":{"libelle":"","contenu":[]},"critere4":{"libelle":"","contenu":[]},"critere5":{"libelle":"","contenu":[]},"critere6":{"libelle":"","contenu":[]},"critere7":{"libelle":"","contenu":{"ZONEGEO":{"libelle":"Citt\u00e0","contenu":{"1":"Val d'Allos la Foux"},"codesValeurs":{"1":"ZONEGEO|FRPA04VAV1800|T"},"criteres_datas":{"valeurs":{"1":{"FRPA04VAV1800":{"descriptif":""}}}}}}},"critere8":{"libelle":"","contenu":[]},"critere9":{"libelle":"","contenu":[]}},"LocalisationGps":{"Latitude":"44.291138","Longitude":"6.569657"},"libelleDuPrestataire":"","listeCriteres":{"TINFADH":{"TDEB":"20160819","TCOMM":""},"TADHER":{"ROFFIC":""},"ZONEGEO":{"FRPA04VAV1800":""},"PUBLICATION":{"VALDALLOS":""},"P.services":{"687":""},"P.119":{"1177":"","7386":""},"P.prestations":{"animauxAcceptes":"","surchargeTourismesAdaptes":"","surchargeDescriptifHandicapMoteur":"","surchargeDescriptifHandicapAuditif":"","surchargeDescriptifHandicapVisuel":"","surchargeDescriptifHandicapMental":"","surchargeNombreFauteuilsRoulants":""},"P.languesParlees":{"1189":"","1192":"","1194":"","1200":""},"P.tourismesAdaptes":{"3651":""},"P.environnements":{"171":"","178":"","184":"","193":""},"P.114":{"416":"","435":"","436":""},"P.modesPaiement":{"1268":"","1271":""},"P.tourismeAffaires":{"tourismeAffairesEnabled":"","devise":"EUR"},"P.restaurationType":{"2866":""},"P.specialites":{"7254":""},"P.categories":{"2883":""},"P.capacite":{"nombreMaximumCouverts":"45","nombreCouvertsTerrasse":"40"},"P.CINTSITRA":{"5660":"","5664":"","8809":""},"P.6241":{"126905":"","5740912":""},"P.3218":{"311229":""},"P.3220":{"587401":"","5575332":""},"P.3233":{"591419":""},"P.3221":{"4876304":""},"P.3219":{"5127066":"","5239406":""},"P.3240":{"5778284":""},"P.3230":{"6139211":""},"P.VilleSitra":{"37282":""},"P.VillageDeDepart":{"37282":""}},"dansCarnetVoyage":true,"Ouverture":""},"html":" \n \u003Cdiv id=\"CV-PRESTATAIRE-T-896357\" data-contexte-id=\"PRESTATAIRE|T|896357\" data-cle=\"T|896357\" class=\"fiche-liste\"\u003E\n    \n\n    \u003C!-- partie photo --\u003E\n    \u003Cdiv class=\"photo\"\u003E\t\t\t\t\t\t\t\t\t\t\t\t\t\t\t\t\t\t\t\t\t\n        \u003Cdiv class=\"cadre_photo_principale\"\u003E\t\t\n        \n            \t\t\t\t\t\n                    \u003Ca href=\"ristorante-l-igloo.html?origine=carnet#media\"\u003E\n                        \u003Cimg class=\"photo_principale\" alt=\"Vue nocturne du restaurant, chalet en bois et pierre de 3 \u00e9tages avec terrasse ext\u00e9rieure au RDC, tables et chaises. Banderole \"Restaurant l'Igloo\"\" src=\"https:\/\/www.valdallos.com\/medias\/images\/prestataires\/multitailles\/320x240_139024-igloo_p_martinot.jpg\" itemprop=\"image\"\u003E\n                    \u003C\/a\u003E\t\t\t\t\t\t\n                \n                    \u003C\/div\u003E\t\t\t\t\t\t\t\t\t\t\t\t\t\t\t\t\t\t\t \t\t\n    \u003C\/div\u003E\n    \n    \u003C!-- partie nom prest --\u003E\n    \u003Cdiv class=\"nom\"\u003E\n        \u003Ch2\u003ERistorante l'Igloo\u003C\/h2\u003E\n        \n            \u003C\/div\u003E\n\n         \n    \u003C!-- partie adresse --\u003E\n    \u003Cdiv class=\"adresse\"\u003E\n    \n          \n    \u003C\/div\u003E\n    \n    \u003C!-- partie liens --\u003E\n    \u003Cdiv class=\"liens\"\u003E\n            \u003Ca class=\"btn-icon btn-view \" title=\"Vedi il file dettagliato\" href=\"ristorante-l-igloo.html?origine=carnet\"\u003E\u003C\/a\u003E\u003C!--\u003Ca class=\"btn-icon btn-view \" title=\"\" href=\"?origine=carnet#thaut\"\u003E\u003C\/a\u003E--\u003E\n      \u003Ca class=\"btn-icon btn-trash carnet_voyage_supprimer\" title=\"Elimina questo file dal mio diario di viaggio\" href=\"carnet-voyage?action=remove&fiche=T|896357\"\u003E\u003C\/a\u003E\n    \u003C\/div\u003E\n\n\u003C\/div\u003E\n\n","icon":"https:\/\/static.ingenie.fr\/images\/carnetVoyageV3\/T.png"},"fiche":"T|896357","popup":"\u003Cdiv id=\"bloc_popup_ajout_fiche_carnet\"\u003E\n    \u003Cdiv class=\"info_popup_ajout_fiche_carnet\"\u003E\n        Hai appena aggiunto questo elemento alla tua selezione:    \u003C\/div\u003E\n    \u003Cdiv class=\"prest_popup_ajout_fiche_carnet\"\u003E\n        Ristorante l&#039;Igloo    \u003C\/div\u003E\n    \u003Cdiv class=\"bloc_btn_ajout_fiche_carnet form_submit_div\"\u003E\n        \u003Cinput type=\"button\" value=\"Continua la mia selezione\" title=\"Continua la mia selezione\" name=\"btn_close\" class=\"btn_close_popup_carnet form_submit\" onclick=\"$.colorbox.close()\" \/\u003E\n        \u003Cinput type=\"button\" value=\"Visualizza la mia selezione\" title=\"Visualizza la mia selezione\" name=\"btn_panier\" class=\"btn_panier_popup_carnet form_submit\" onclick=\"if(typeof CarnetVoyage != 'undefined') {CarnetVoyage.voirCarnet();}\" \/\u003E\n    \u003C\/div\u003E\n    \u003Cdiv class=\"bloc_btn_ajout_fiche_carnet\"\u003E\n        \u003Cinput type=\"checkbox\" value=\"1\" name=\"desactiver_popup\" id=\"desactiver_popup\" \/\u003E\n        \u003Clabel for=\"desactiver_popup\"\u003ENon visualizzare pi\u00f9 questo messaggio\u003C\/label\u003E\n    \u003C\/div\u003E\n\u003C\/div\u003E","success":1}